{"id":5431,"date":"2024-11-15T16:10:30","date_gmt":"2024-11-15T15:10:30","guid":{"rendered":"https:\/\/www.intxorta.org\/tienda\/?post_type=product&#038;p=5431"},"modified":"2024-11-15T16:23:37","modified_gmt":"2024-11-15T15:23:37","slug":"2000-del-winnipeg-diario-de-a-bordo","status":"publish","type":"product","link":"https:\/\/www.intxorta.org\/tienda\/producto\/2000-del-winnipeg-diario-de-a-bordo\/","title":{"rendered":"2000 del Winnipeg Diario de a bordo"},"content":{"rendered":"<p>[et_pb_section fb_built=\u00bb1&#8243; _builder_version=\u00bb4.16&#8243; custom_padding=\u00bb0px||||false|false\u00bb global_colors_info=\u00bb{}\u00bb][et_pb_row _builder_version=\u00bb4.16&#8243; background_size=\u00bbinitial\u00bb background_position=\u00bbtop_left\u00bb background_repeat=\u00bbrepeat\u00bb width=\u00bb100%\u00bb custom_padding=\u00bb0px||0px||false|false\u00bb global_colors_info=\u00bb{}\u00bb][et_pb_column type=\u00bb4_4&#8243; _builder_version=\u00bb4.16&#8243; custom_padding=\u00bb|||\u00bb global_colors_info=\u00bb{}\u00bb custom_padding__hover=\u00bb|||\u00bb][et_pb_wc_breadcrumb _builder_version=\u00bb4.16&#8243; global_colors_info=\u00bb{}\u00bb][\/et_pb_wc_breadcrumb][et_pb_wc_cart_notice _builder_version=\u00bb4.16&#8243; background_color=\u00bb#23282d\u00bb custom_button=\u00bbon\u00bb button_text_color=\u00bb#000000&#8243; button_bg_color=\u00bb#cfee91&#8243; global_colors_info=\u00bb{}\u00bb][\/et_pb_wc_cart_notice][\/et_pb_column][\/et_pb_row][et_pb_row column_structure=\u00bb1_2,1_2&#8243; _builder_version=\u00bb4.16&#8243; background_size=\u00bbinitial\u00bb background_position=\u00bbtop_left\u00bb background_repeat=\u00bbrepeat\u00bb width=\u00bb100%\u00bb custom_padding=\u00bb0px||||false|false\u00bb global_colors_info=\u00bb{}\u00bb][et_pb_column type=\u00bb1_2&#8243; _builder_version=\u00bb4.16&#8243; custom_padding=\u00bb|||\u00bb global_colors_info=\u00bb{}\u00bb custom_padding__hover=\u00bb|||\u00bb][et_pb_wc_images _builder_version=\u00bb4.16&#8243; global_colors_info=\u00bb{}\u00bb][\/et_pb_wc_images][\/et_pb_column][et_pb_column type=\u00bb1_2&#8243; _builder_version=\u00bb4.16&#8243; custom_padding=\u00bb|||\u00bb global_colors_info=\u00bb{}\u00bb custom_padding__hover=\u00bb|||\u00bb][et_pb_wc_title _builder_version=\u00bb4.16&#8243; global_colors_info=\u00bb{}\u00bb][\/et_pb_wc_title][et_pb_wc_rating _builder_version=\u00bb4.16&#8243; global_colors_info=\u00bb{}\u00bb][\/et_pb_wc_rating][et_pb_wc_price _builder_version=\u00bb4.16&#8243; global_colors_info=\u00bb{}\u00bb][\/et_pb_wc_price][et_pb_wc_description _builder_version=\u00bb4.16&#8243; global_colors_info=\u00bb{}\u00bb][\/et_pb_wc_description][et_pb_wc_add_to_cart _builder_version=\u00bb4.16&#8243; custom_button=\u00bbon\u00bb button_text_color=\u00bb#000000&#8243; button_bg_color=\u00bb#cfee91&#8243; global_colors_info=\u00bb{}\u00bb][\/et_pb_wc_add_to_cart][\/et_pb_column][\/et_pb_row][et_pb_row _builder_version=\u00bb4.16&#8243; background_size=\u00bbinitial\u00bb background_position=\u00bbtop_left\u00bb background_repeat=\u00bbrepeat\u00bb width=\u00bb100%\u00bb global_colors_info=\u00bb{}\u00bb][et_pb_column type=\u00bb4_4&#8243; _builder_version=\u00bb4.16&#8243; custom_padding=\u00bb|||\u00bb global_colors_info=\u00bb{}\u00bb custom_padding__hover=\u00bb|||\u00bb][et_pb_wc_tabs _builder_version=\u00bb4.16&#8243; global_colors_info=\u00bb{}\u00bb]\t\t\t\t\t[\/et_pb_wc_tabs][et_pb_wc_upsells _builder_version=\u00bb4.16&#8243; global_colors_info=\u00bb{}\u00bb][\/et_pb_wc_upsells][et_pb_wc_related_products _builder_version=\u00bb4.16&#8243; global_colors_info=\u00bb{}\u00bb][\/et_pb_wc_related_products][\/et_pb_column][\/et_pb_row][\/et_pb_section]<\/p>\n","protected":false},"excerpt":{"rendered":"","protected":false},"featured_media":5432,"comment_status":"open","ping_status":"closed","template":"","meta":{"_et_pb_use_builder":"on","_et_pb_old_content":"M\u00e1s de 2.000 personas refugiadas zarparon el 4 de agosto de 1939, con destino a Chile, a bordo del carguero franc\u00e9s Winnipeg, fletado por el SERE (Servicio Evacuaci\u00f3n Refugiados Espa\u00f1oles) y tutelado por Pablo Neruda en su calidad de C\u00f3nsul especial de Chile en Par\u00eds. \r\nComo en otros barcos que condujeron a miles de personas a su definitivo exilio intercontinental en Am\u00e9rica, en el Winnipeg (Pauillac, Francia - Valpara\u00edso, Chile) se redactaron diarios que, a modo de periodismo mural, informaron a pasajeros y pasajeras tanto de aspectos de la vida en el barco durante la traves\u00eda, como del especial contexto internacional que se estaba viviendo: la coyuntura de los inicios de la II Guerra Mundial. \r\nLa edici\u00f3n y transcripci\u00f3n del \"2000 del Winnipeg. Diario de a bordo\" permiten visualizar la informaci\u00f3n dada por la comisi\u00f3n redactora del citado diario. \r\nEl estudio introductorio acerca de la gestaci\u00f3n de esta expedici\u00f3n dinamizada por el SERE y por la representaci\u00f3n diplom\u00e1tica chilena, nos permite ponderar la participaci\u00f3n real de unos y otros, as\u00ed como sus motivaciones y circunstancias por encima de las dominantes mitificaciones y desmitificaciones hasta ahora obrantes sobre esta cuesti\u00f3n. <img src=\"https:\/\/www.intxorta.org\/tienda\/wp-content\/uploads\/2024\/11\/contraportada-LIBRO-2.-EDICION-scaled.jpg\" alt=\"\" width=\"1868\" height=\"2560\" class=\"alignleft size-full wp-image-5433\" \/>","_et_gb_content_width":"","_monsterinsights_skip_tracking":false,"_monsterinsights_sitenote_active":false,"_monsterinsights_sitenote_note":"","_monsterinsights_sitenote_category":0},"product_brand":[],"product_cat":[35],"product_tag":[],"class_list":{"0":"post-5431","1":"product","2":"type-product","3":"status-publish","4":"has-post-thumbnail","6":"product_cat-sin-categorizar","8":"first","9":"instock","10":"shipping-taxable","11":"purchasable","12":"product-type-simple"},"yoast_head":"<!-- This site is optimized with the Yoast SEO plugin v27.1.1 - https:\/\/yoast.com\/product\/yoast-seo-wordpress\/ -->\n<title>2000 del Winnipeg Diario de a bordo - Tienda Online de Intxorta 1937 Kultur Elkartea<\/title>\n<meta name=\"robots\" content=\"index, follow, max-snippet:-1, max-image-preview:large, max-video-preview:-1\" \/>\n<link rel=\"canonical\" href=\"https:\/\/www.intxorta.org\/tienda\/producto\/2000-del-winnipeg-diario-de-a-bordo\/\" \/>\n<meta property=\"og:locale\" content=\"es_ES\" \/>\n<meta property=\"og:type\" content=\"article\" \/>\n<meta property=\"og:title\" content=\"2000 del Winnipeg Diario de a bordo - Tienda Online de Intxorta 1937 Kultur Elkartea\" \/>\n<meta property=\"og:url\" content=\"https:\/\/www.intxorta.org\/tienda\/producto\/2000-del-winnipeg-diario-de-a-bordo\/\" \/>\n<meta property=\"og:site_name\" content=\"Tienda Online de Intxorta 1937 Kultur Elkartea\" \/>\n<meta property=\"article:modified_time\" content=\"2024-11-15T15:23:37+00:00\" \/>\n<meta property=\"og:image\" content=\"https:\/\/www.intxorta.org\/tienda\/wp-content\/uploads\/2024\/11\/PORTADA-LIBRO-scaled.jpg\" \/>\n\t<meta property=\"og:image:width\" content=\"1767\" \/>\n\t<meta property=\"og:image:height\" content=\"2560\" \/>\n\t<meta property=\"og:image:type\" content=\"image\/jpeg\" \/>\n<meta name=\"twitter:card\" content=\"summary_large_image\" \/>\n<meta name=\"twitter:label1\" content=\"Tiempo de lectura\" \/>\n\t<meta name=\"twitter:data1\" content=\"1 minuto\" \/>\n<script type=\"application\/ld+json\" class=\"yoast-schema-graph\">{\"@context\":\"https:\/\/schema.org\",\"@graph\":[{\"@type\":\"WebPage\",\"@id\":\"https:\/\/www.intxorta.org\/tienda\/producto\/2000-del-winnipeg-diario-de-a-bordo\/\",\"url\":\"https:\/\/www.intxorta.org\/tienda\/producto\/2000-del-winnipeg-diario-de-a-bordo\/\",\"name\":\"2000 del Winnipeg Diario de a bordo - Tienda Online de Intxorta 1937 Kultur Elkartea\",\"isPartOf\":{\"@id\":\"https:\/\/www.intxorta.org\/tienda\/#website\"},\"primaryImageOfPage\":{\"@id\":\"https:\/\/www.intxorta.org\/tienda\/producto\/2000-del-winnipeg-diario-de-a-bordo\/#primaryimage\"},\"image\":{\"@id\":\"https:\/\/www.intxorta.org\/tienda\/producto\/2000-del-winnipeg-diario-de-a-bordo\/#primaryimage\"},\"thumbnailUrl\":\"https:\/\/www.intxorta.org\/tienda\/wp-content\/uploads\/2024\/11\/PORTADA-LIBRO-scaled.jpg\",\"datePublished\":\"2024-11-15T15:10:30+00:00\",\"dateModified\":\"2024-11-15T15:23:37+00:00\",\"breadcrumb\":{\"@id\":\"https:\/\/www.intxorta.org\/tienda\/producto\/2000-del-winnipeg-diario-de-a-bordo\/#breadcrumb\"},\"inLanguage\":\"es\",\"potentialAction\":[{\"@type\":\"ReadAction\",\"target\":[\"https:\/\/www.intxorta.org\/tienda\/producto\/2000-del-winnipeg-diario-de-a-bordo\/\"]}]},{\"@type\":\"ImageObject\",\"inLanguage\":\"es\",\"@id\":\"https:\/\/www.intxorta.org\/tienda\/producto\/2000-del-winnipeg-diario-de-a-bordo\/#primaryimage\",\"url\":\"https:\/\/www.intxorta.org\/tienda\/wp-content\/uploads\/2024\/11\/PORTADA-LIBRO-scaled.jpg\",\"contentUrl\":\"https:\/\/www.intxorta.org\/tienda\/wp-content\/uploads\/2024\/11\/PORTADA-LIBRO-scaled.jpg\",\"width\":1767,\"height\":2560},{\"@type\":\"BreadcrumbList\",\"@id\":\"https:\/\/www.intxorta.org\/tienda\/producto\/2000-del-winnipeg-diario-de-a-bordo\/#breadcrumb\",\"itemListElement\":[{\"@type\":\"ListItem\",\"position\":1,\"name\":\"Portada\",\"item\":\"http:\/\/www.intxorta.org\/tienda\/\"},{\"@type\":\"ListItem\",\"position\":2,\"name\":\"Tienda Intxorta\",\"item\":\"http:\/\/www.intxorta.org\/tienda\/tienda-intxorta\/\"},{\"@type\":\"ListItem\",\"position\":3,\"name\":\"2000 del Winnipeg Diario de a bordo\"}]},{\"@type\":\"WebSite\",\"@id\":\"https:\/\/www.intxorta.org\/tienda\/#website\",\"url\":\"https:\/\/www.intxorta.org\/tienda\/\",\"name\":\"Tienda Online de Intxorta 1937 Kultur Elkartea\",\"description\":\"Por la recuperaci&oacute;n de la memoria hist&oacute;rica\",\"potentialAction\":[{\"@type\":\"SearchAction\",\"target\":{\"@type\":\"EntryPoint\",\"urlTemplate\":\"https:\/\/www.intxorta.org\/tienda\/?s={search_term_string}\"},\"query-input\":{\"@type\":\"PropertyValueSpecification\",\"valueRequired\":true,\"valueName\":\"search_term_string\"}}],\"inLanguage\":\"es\"}]}<\/script>\n<!-- \/ Yoast SEO plugin. -->","yoast_head_json":{"title":"2000 del Winnipeg Diario de a bordo - Tienda Online de Intxorta 1937 Kultur Elkartea","robots":{"index":"index","follow":"follow","max-snippet":"max-snippet:-1","max-image-preview":"max-image-preview:large","max-video-preview":"max-video-preview:-1"},"canonical":"https:\/\/www.intxorta.org\/tienda\/producto\/2000-del-winnipeg-diario-de-a-bordo\/","og_locale":"es_ES","og_type":"article","og_title":"2000 del Winnipeg Diario de a bordo - Tienda Online de Intxorta 1937 Kultur Elkartea","og_url":"https:\/\/www.intxorta.org\/tienda\/producto\/2000-del-winnipeg-diario-de-a-bordo\/","og_site_name":"Tienda Online de Intxorta 1937 Kultur Elkartea","article_modified_time":"2024-11-15T15:23:37+00:00","og_image":[{"width":1767,"height":2560,"url":"https:\/\/www.intxorta.org\/tienda\/wp-content\/uploads\/2024\/11\/PORTADA-LIBRO-scaled.jpg","type":"image\/jpeg"}],"twitter_card":"summary_large_image","twitter_misc":{"Tiempo de lectura":"1 minuto"},"schema":{"@context":"https:\/\/schema.org","@graph":[{"@type":"WebPage","@id":"https:\/\/www.intxorta.org\/tienda\/producto\/2000-del-winnipeg-diario-de-a-bordo\/","url":"https:\/\/www.intxorta.org\/tienda\/producto\/2000-del-winnipeg-diario-de-a-bordo\/","name":"2000 del Winnipeg Diario de a bordo - Tienda Online de Intxorta 1937 Kultur Elkartea","isPartOf":{"@id":"https:\/\/www.intxorta.org\/tienda\/#website"},"primaryImageOfPage":{"@id":"https:\/\/www.intxorta.org\/tienda\/producto\/2000-del-winnipeg-diario-de-a-bordo\/#primaryimage"},"image":{"@id":"https:\/\/www.intxorta.org\/tienda\/producto\/2000-del-winnipeg-diario-de-a-bordo\/#primaryimage"},"thumbnailUrl":"https:\/\/www.intxorta.org\/tienda\/wp-content\/uploads\/2024\/11\/PORTADA-LIBRO-scaled.jpg","datePublished":"2024-11-15T15:10:30+00:00","dateModified":"2024-11-15T15:23:37+00:00","breadcrumb":{"@id":"https:\/\/www.intxorta.org\/tienda\/producto\/2000-del-winnipeg-diario-de-a-bordo\/#breadcrumb"},"inLanguage":"es","potentialAction":[{"@type":"ReadAction","target":["https:\/\/www.intxorta.org\/tienda\/producto\/2000-del-winnipeg-diario-de-a-bordo\/"]}]},{"@type":"ImageObject","inLanguage":"es","@id":"https:\/\/www.intxorta.org\/tienda\/producto\/2000-del-winnipeg-diario-de-a-bordo\/#primaryimage","url":"https:\/\/www.intxorta.org\/tienda\/wp-content\/uploads\/2024\/11\/PORTADA-LIBRO-scaled.jpg","contentUrl":"https:\/\/www.intxorta.org\/tienda\/wp-content\/uploads\/2024\/11\/PORTADA-LIBRO-scaled.jpg","width":1767,"height":2560},{"@type":"BreadcrumbList","@id":"https:\/\/www.intxorta.org\/tienda\/producto\/2000-del-winnipeg-diario-de-a-bordo\/#breadcrumb","itemListElement":[{"@type":"ListItem","position":1,"name":"Portada","item":"http:\/\/www.intxorta.org\/tienda\/"},{"@type":"ListItem","position":2,"name":"Tienda Intxorta","item":"http:\/\/www.intxorta.org\/tienda\/tienda-intxorta\/"},{"@type":"ListItem","position":3,"name":"2000 del Winnipeg Diario de a bordo"}]},{"@type":"WebSite","@id":"https:\/\/www.intxorta.org\/tienda\/#website","url":"https:\/\/www.intxorta.org\/tienda\/","name":"Tienda Online de Intxorta 1937 Kultur Elkartea","description":"Por la recuperaci&oacute;n de la memoria hist&oacute;rica","potentialAction":[{"@type":"SearchAction","target":{"@type":"EntryPoint","urlTemplate":"https:\/\/www.intxorta.org\/tienda\/?s={search_term_string}"},"query-input":{"@type":"PropertyValueSpecification","valueRequired":true,"valueName":"search_term_string"}}],"inLanguage":"es"}]}},"_links":{"self":[{"href":"https:\/\/www.intxorta.org\/tienda\/wp-json\/wp\/v2\/product\/5431","targetHints":{"allow":["GET"]}}],"collection":[{"href":"https:\/\/www.intxorta.org\/tienda\/wp-json\/wp\/v2\/product"}],"about":[{"href":"https:\/\/www.intxorta.org\/tienda\/wp-json\/wp\/v2\/types\/product"}],"replies":[{"embeddable":true,"href":"https:\/\/www.intxorta.org\/tienda\/wp-json\/wp\/v2\/comments?post=5431"}],"wp:featuredmedia":[{"embeddable":true,"href":"https:\/\/www.intxorta.org\/tienda\/wp-json\/wp\/v2\/media\/5432"}],"wp:attachment":[{"href":"https:\/\/www.intxorta.org\/tienda\/wp-json\/wp\/v2\/media?parent=5431"}],"wp:term":[{"taxonomy":"product_brand","embeddable":true,"href":"https:\/\/www.intxorta.org\/tienda\/wp-json\/wp\/v2\/product_brand?post=5431"},{"taxonomy":"product_cat","embeddable":true,"href":"https:\/\/www.intxorta.org\/tienda\/wp-json\/wp\/v2\/product_cat?post=5431"},{"taxonomy":"product_tag","embeddable":true,"href":"https:\/\/www.intxorta.org\/tienda\/wp-json\/wp\/v2\/product_tag?post=5431"}],"curies":[{"name":"wp","href":"https:\/\/api.w.org\/{rel}","templated":true}]}}