{"id":5227,"date":"2022-03-11T06:33:47","date_gmt":"2022-03-11T05:33:47","guid":{"rendered":"http:\/\/www.intxorta.org\/tienda\/?post_type=product&#038;p=5227"},"modified":"2022-09-24T07:39:12","modified_gmt":"2022-09-24T05:39:12","slug":"memoria-partekatu-baterantz-arrasate-1936-1956-gerra-erresistentzia-eta-frankismoa-bigarren-edizioa","status":"publish","type":"product","link":"https:\/\/www.intxorta.org\/tienda\/producto\/memoria-partekatu-baterantz-arrasate-1936-1956-gerra-erresistentzia-eta-frankismoa-bigarren-edizioa\/","title":{"rendered":"Memoria partekatu baterantz Arrasate 1936-1956. Gerra, Erresistentzia eta Frankismoa. BIGARREN EDIZIOA. Ebook dohain"},"content":{"rendered":"<p>[et_pb_section fb_built=\u00bb1&#8243; _builder_version=\u00bb4.16&#8243; custom_padding=\u00bb0px||||false|false\u00bb global_colors_info=\u00bb{}\u00bb][et_pb_row _builder_version=\u00bb4.16&#8243; background_size=\u00bbinitial\u00bb background_position=\u00bbtop_left\u00bb background_repeat=\u00bbrepeat\u00bb width=\u00bb100%\u00bb custom_padding=\u00bb0px||0px||false|false\u00bb global_colors_info=\u00bb{}\u00bb][et_pb_column type=\u00bb4_4&#8243; _builder_version=\u00bb4.16&#8243; custom_padding=\u00bb|||\u00bb global_colors_info=\u00bb{}\u00bb custom_padding__hover=\u00bb|||\u00bb][et_pb_wc_breadcrumb _builder_version=\u00bb4.16&#8243; global_colors_info=\u00bb{}\u00bb][\/et_pb_wc_breadcrumb][et_pb_wc_cart_notice _builder_version=\u00bb4.16&#8243; background_color=\u00bb#23282d\u00bb custom_button=\u00bbon\u00bb button_text_color=\u00bb#000000&#8243; button_bg_color=\u00bb#cfee91&#8243; global_colors_info=\u00bb{}\u00bb][\/et_pb_wc_cart_notice][\/et_pb_column][\/et_pb_row][et_pb_row column_structure=\u00bb1_2,1_2&#8243; _builder_version=\u00bb4.16&#8243; background_size=\u00bbinitial\u00bb background_position=\u00bbtop_left\u00bb background_repeat=\u00bbrepeat\u00bb width=\u00bb100%\u00bb custom_padding=\u00bb0px||||false|false\u00bb global_colors_info=\u00bb{}\u00bb][et_pb_column type=\u00bb1_2&#8243; _builder_version=\u00bb4.16&#8243; custom_padding=\u00bb|||\u00bb global_colors_info=\u00bb{}\u00bb custom_padding__hover=\u00bb|||\u00bb][et_pb_wc_images _builder_version=\u00bb4.16&#8243; global_colors_info=\u00bb{}\u00bb][\/et_pb_wc_images][\/et_pb_column][et_pb_column type=\u00bb1_2&#8243; _builder_version=\u00bb4.16&#8243; custom_padding=\u00bb|||\u00bb global_colors_info=\u00bb{}\u00bb custom_padding__hover=\u00bb|||\u00bb][et_pb_wc_title _builder_version=\u00bb4.16&#8243; global_colors_info=\u00bb{}\u00bb][\/et_pb_wc_title][et_pb_wc_rating _builder_version=\u00bb4.16&#8243; global_colors_info=\u00bb{}\u00bb][\/et_pb_wc_rating][et_pb_wc_price _builder_version=\u00bb4.16&#8243; global_colors_info=\u00bb{}\u00bb][\/et_pb_wc_price][et_pb_wc_description _builder_version=\u00bb4.16&#8243; global_colors_info=\u00bb{}\u00bb][\/et_pb_wc_description][et_pb_wc_add_to_cart _builder_version=\u00bb4.16&#8243; field_label_text_color=\u00bb#000000&#8243; custom_button=\u00bbon\u00bb button_text_color=\u00bb#000000&#8243; button_bg_color=\u00bb#cfee91&#8243; body_text_color=\u00bb#000000&#8243; global_colors_info=\u00bb{}\u00bb button_bg_color__hover_enabled=\u00bbon|desktop\u00bb button_bg_color__hover=\u00bb#cfee91&#8243;][\/et_pb_wc_add_to_cart][\/et_pb_column][\/et_pb_row][et_pb_row _builder_version=\u00bb4.16&#8243; background_size=\u00bbinitial\u00bb background_position=\u00bbtop_left\u00bb background_repeat=\u00bbrepeat\u00bb width=\u00bb100%\u00bb global_colors_info=\u00bb{}\u00bb][et_pb_column type=\u00bb4_4&#8243; _builder_version=\u00bb4.16&#8243; custom_padding=\u00bb|||\u00bb global_colors_info=\u00bb{}\u00bb custom_padding__hover=\u00bb|||\u00bb][et_pb_wc_tabs _builder_version=\u00bb4.16&#8243; global_colors_info=\u00bb{}\u00bb]\t\t\t\t\t[\/et_pb_wc_tabs][et_pb_wc_upsells _builder_version=\u00bb4.16&#8243; global_colors_info=\u00bb{}\u00bb][\/et_pb_wc_upsells][et_pb_wc_related_products _builder_version=\u00bb4.16&#8243; global_colors_info=\u00bb{}\u00bb][\/et_pb_wc_related_products][\/et_pb_column][\/et_pb_row][\/et_pb_section]<\/p>\n","protected":false},"excerpt":{"rendered":"","protected":false},"featured_media":5281,"comment_status":"open","ping_status":"closed","template":"","meta":{"_et_pb_use_builder":"on","_et_pb_old_content":"Izenburua: Memoria Partekatu Baterantz- Arrasate 1936-1956. Gerra, Erresistenzia eta Frankismoa\r\nEgileak: Miren Altuna Recio, Juan Ramon Garai Bengoa\r\nEdizioa: Arrasateko Udala, Intxorta 1937 kultur Elkartea\r\nItzulpenak: Maite Uranga D\u00edaz\r\nOrrazketa: Karmel Uribarren Munitxa\r\nLaguntzaileak: Lucia Cabrero Arranz, Arrate Landa Bidaburu, Marga Garmendia Ginea, Angel Balzategi\r\nOlazagoitia, Julia Monge Sarabia, Jos\u00e9 \u00c1ngel Barrutiabengoa Uranga, Nati Roa Bedia\r\nLehenengo edizioa: 2019ko otsaila\r\nBigarren edizioa: 2022eko iraila\r\nAzala: Julio Galarta Bengoa\r\nKontrazala: C\u00e1ndida Rodr\u00edguez Barbero eta Angela Lumbreras Rodr\u00edguez\r\nMaketazioa: Gertu Inprimategia, O\u00f1ati\r\nInprimaketa: Gertu Inprimategia, O\u00f1ati\r\nLege Gordailua: SS-1473-2018\r\nISBN: 978-84-120258-6-6","_et_gb_content_width":"","_monsterinsights_skip_tracking":false,"_monsterinsights_sitenote_active":false,"_monsterinsights_sitenote_note":"","_monsterinsights_sitenote_category":0},"product_brand":[],"product_cat":[35],"product_tag":[],"class_list":{"0":"post-5227","1":"product","2":"type-product","3":"status-publish","4":"has-post-thumbnail","6":"product_cat-sin-categorizar","8":"first","9":"instock","10":"downloadable","11":"shipping-taxable","12":"purchasable","13":"product-type-simple"},"yoast_head":"<!-- This site is optimized with the Yoast SEO plugin v27.1.1 - https:\/\/yoast.com\/product\/yoast-seo-wordpress\/ -->\n<title>Memoria partekatu baterantz Arrasate 1936-1956. Gerra, Erresistentzia eta Frankismoa. BIGARREN EDIZIOA. Ebook dohain - Tienda Online de Intxorta 1937 Kultur Elkartea<\/title>\n<meta name=\"robots\" content=\"index, follow, max-snippet:-1, max-image-preview:large, max-video-preview:-1\" \/>\n<link rel=\"canonical\" href=\"https:\/\/www.intxorta.org\/tienda\/producto\/memoria-partekatu-baterantz-arrasate-1936-1956-gerra-erresistentzia-eta-frankismoa-bigarren-edizioa\/\" \/>\n<meta property=\"og:locale\" content=\"es_ES\" \/>\n<meta property=\"og:type\" content=\"article\" \/>\n<meta property=\"og:title\" content=\"Memoria partekatu baterantz Arrasate 1936-1956. Gerra, Erresistentzia eta Frankismoa. BIGARREN EDIZIOA. Ebook dohain - Tienda Online de Intxorta 1937 Kultur Elkartea\" \/>\n<meta property=\"og:url\" content=\"https:\/\/www.intxorta.org\/tienda\/producto\/memoria-partekatu-baterantz-arrasate-1936-1956-gerra-erresistentzia-eta-frankismoa-bigarren-edizioa\/\" \/>\n<meta property=\"og:site_name\" content=\"Tienda Online de Intxorta 1937 Kultur Elkartea\" \/>\n<meta property=\"article:modified_time\" content=\"2022-09-24T05:39:12+00:00\" \/>\n<meta property=\"og:image\" content=\"http:\/\/www.intxorta.org\/tienda\/wp-content\/uploads\/2022\/03\/azala-euskeraz-gogora-1.jpg\" \/>\n\t<meta property=\"og:image:width\" content=\"1280\" \/>\n\t<meta property=\"og:image:height\" content=\"858\" \/>\n\t<meta property=\"og:image:type\" content=\"image\/jpeg\" \/>\n<meta name=\"twitter:card\" content=\"summary_large_image\" \/>\n<meta name=\"twitter:label1\" content=\"Tiempo de lectura\" \/>\n\t<meta name=\"twitter:data1\" content=\"1 minuto\" \/>\n<script type=\"application\/ld+json\" class=\"yoast-schema-graph\">{\"@context\":\"https:\/\/schema.org\",\"@graph\":[{\"@type\":\"WebPage\",\"@id\":\"https:\/\/www.intxorta.org\/tienda\/producto\/memoria-partekatu-baterantz-arrasate-1936-1956-gerra-erresistentzia-eta-frankismoa-bigarren-edizioa\/\",\"url\":\"https:\/\/www.intxorta.org\/tienda\/producto\/memoria-partekatu-baterantz-arrasate-1936-1956-gerra-erresistentzia-eta-frankismoa-bigarren-edizioa\/\",\"name\":\"Memoria partekatu baterantz Arrasate 1936-1956. Gerra, Erresistentzia eta Frankismoa. BIGARREN EDIZIOA. Ebook dohain - Tienda Online de Intxorta 1937 Kultur Elkartea\",\"isPartOf\":{\"@id\":\"https:\/\/www.intxorta.org\/tienda\/#website\"},\"primaryImageOfPage\":{\"@id\":\"https:\/\/www.intxorta.org\/tienda\/producto\/memoria-partekatu-baterantz-arrasate-1936-1956-gerra-erresistentzia-eta-frankismoa-bigarren-edizioa\/#primaryimage\"},\"image\":{\"@id\":\"https:\/\/www.intxorta.org\/tienda\/producto\/memoria-partekatu-baterantz-arrasate-1936-1956-gerra-erresistentzia-eta-frankismoa-bigarren-edizioa\/#primaryimage\"},\"thumbnailUrl\":\"https:\/\/www.intxorta.org\/tienda\/wp-content\/uploads\/2022\/03\/azala-euskeraz-gogora-1.jpg\",\"datePublished\":\"2022-03-11T05:33:47+00:00\",\"dateModified\":\"2022-09-24T05:39:12+00:00\",\"breadcrumb\":{\"@id\":\"https:\/\/www.intxorta.org\/tienda\/producto\/memoria-partekatu-baterantz-arrasate-1936-1956-gerra-erresistentzia-eta-frankismoa-bigarren-edizioa\/#breadcrumb\"},\"inLanguage\":\"es\",\"potentialAction\":[{\"@type\":\"ReadAction\",\"target\":[\"https:\/\/www.intxorta.org\/tienda\/producto\/memoria-partekatu-baterantz-arrasate-1936-1956-gerra-erresistentzia-eta-frankismoa-bigarren-edizioa\/\"]}]},{\"@type\":\"ImageObject\",\"inLanguage\":\"es\",\"@id\":\"https:\/\/www.intxorta.org\/tienda\/producto\/memoria-partekatu-baterantz-arrasate-1936-1956-gerra-erresistentzia-eta-frankismoa-bigarren-edizioa\/#primaryimage\",\"url\":\"https:\/\/www.intxorta.org\/tienda\/wp-content\/uploads\/2022\/03\/azala-euskeraz-gogora-1.jpg\",\"contentUrl\":\"https:\/\/www.intxorta.org\/tienda\/wp-content\/uploads\/2022\/03\/azala-euskeraz-gogora-1.jpg\",\"width\":1280,\"height\":858},{\"@type\":\"BreadcrumbList\",\"@id\":\"https:\/\/www.intxorta.org\/tienda\/producto\/memoria-partekatu-baterantz-arrasate-1936-1956-gerra-erresistentzia-eta-frankismoa-bigarren-edizioa\/#breadcrumb\",\"itemListElement\":[{\"@type\":\"ListItem\",\"position\":1,\"name\":\"Portada\",\"item\":\"http:\/\/www.intxorta.org\/tienda\/\"},{\"@type\":\"ListItem\",\"position\":2,\"name\":\"Tienda Intxorta\",\"item\":\"http:\/\/www.intxorta.org\/tienda\/tienda-intxorta\/\"},{\"@type\":\"ListItem\",\"position\":3,\"name\":\"Memoria partekatu baterantz Arrasate 1936-1956. Gerra, Erresistentzia eta Frankismoa. BIGARREN EDIZIOA. Ebook dohain\"}]},{\"@type\":\"WebSite\",\"@id\":\"https:\/\/www.intxorta.org\/tienda\/#website\",\"url\":\"https:\/\/www.intxorta.org\/tienda\/\",\"name\":\"Tienda Online de Intxorta 1937 Kultur Elkartea\",\"description\":\"Por la recuperaci&oacute;n de la memoria hist&oacute;rica\",\"potentialAction\":[{\"@type\":\"SearchAction\",\"target\":{\"@type\":\"EntryPoint\",\"urlTemplate\":\"https:\/\/www.intxorta.org\/tienda\/?s={search_term_string}\"},\"query-input\":{\"@type\":\"PropertyValueSpecification\",\"valueRequired\":true,\"valueName\":\"search_term_string\"}}],\"inLanguage\":\"es\"}]}<\/script>\n<!-- \/ Yoast SEO plugin. -->","yoast_head_json":{"title":"Memoria partekatu baterantz Arrasate 1936-1956. Gerra, Erresistentzia eta Frankismoa. BIGARREN EDIZIOA. Ebook dohain - Tienda Online de Intxorta 1937 Kultur Elkartea","robots":{"index":"index","follow":"follow","max-snippet":"max-snippet:-1","max-image-preview":"max-image-preview:large","max-video-preview":"max-video-preview:-1"},"canonical":"https:\/\/www.intxorta.org\/tienda\/producto\/memoria-partekatu-baterantz-arrasate-1936-1956-gerra-erresistentzia-eta-frankismoa-bigarren-edizioa\/","og_locale":"es_ES","og_type":"article","og_title":"Memoria partekatu baterantz Arrasate 1936-1956. Gerra, Erresistentzia eta Frankismoa. BIGARREN EDIZIOA. Ebook dohain - Tienda Online de Intxorta 1937 Kultur Elkartea","og_url":"https:\/\/www.intxorta.org\/tienda\/producto\/memoria-partekatu-baterantz-arrasate-1936-1956-gerra-erresistentzia-eta-frankismoa-bigarren-edizioa\/","og_site_name":"Tienda Online de Intxorta 1937 Kultur Elkartea","article_modified_time":"2022-09-24T05:39:12+00:00","og_image":[{"width":1280,"height":858,"url":"http:\/\/www.intxorta.org\/tienda\/wp-content\/uploads\/2022\/03\/azala-euskeraz-gogora-1.jpg","type":"image\/jpeg"}],"twitter_card":"summary_large_image","twitter_misc":{"Tiempo de lectura":"1 minuto"},"schema":{"@context":"https:\/\/schema.org","@graph":[{"@type":"WebPage","@id":"https:\/\/www.intxorta.org\/tienda\/producto\/memoria-partekatu-baterantz-arrasate-1936-1956-gerra-erresistentzia-eta-frankismoa-bigarren-edizioa\/","url":"https:\/\/www.intxorta.org\/tienda\/producto\/memoria-partekatu-baterantz-arrasate-1936-1956-gerra-erresistentzia-eta-frankismoa-bigarren-edizioa\/","name":"Memoria partekatu baterantz Arrasate 1936-1956. Gerra, Erresistentzia eta Frankismoa. BIGARREN EDIZIOA. Ebook dohain - Tienda Online de Intxorta 1937 Kultur Elkartea","isPartOf":{"@id":"https:\/\/www.intxorta.org\/tienda\/#website"},"primaryImageOfPage":{"@id":"https:\/\/www.intxorta.org\/tienda\/producto\/memoria-partekatu-baterantz-arrasate-1936-1956-gerra-erresistentzia-eta-frankismoa-bigarren-edizioa\/#primaryimage"},"image":{"@id":"https:\/\/www.intxorta.org\/tienda\/producto\/memoria-partekatu-baterantz-arrasate-1936-1956-gerra-erresistentzia-eta-frankismoa-bigarren-edizioa\/#primaryimage"},"thumbnailUrl":"https:\/\/www.intxorta.org\/tienda\/wp-content\/uploads\/2022\/03\/azala-euskeraz-gogora-1.jpg","datePublished":"2022-03-11T05:33:47+00:00","dateModified":"2022-09-24T05:39:12+00:00","breadcrumb":{"@id":"https:\/\/www.intxorta.org\/tienda\/producto\/memoria-partekatu-baterantz-arrasate-1936-1956-gerra-erresistentzia-eta-frankismoa-bigarren-edizioa\/#breadcrumb"},"inLanguage":"es","potentialAction":[{"@type":"ReadAction","target":["https:\/\/www.intxorta.org\/tienda\/producto\/memoria-partekatu-baterantz-arrasate-1936-1956-gerra-erresistentzia-eta-frankismoa-bigarren-edizioa\/"]}]},{"@type":"ImageObject","inLanguage":"es","@id":"https:\/\/www.intxorta.org\/tienda\/producto\/memoria-partekatu-baterantz-arrasate-1936-1956-gerra-erresistentzia-eta-frankismoa-bigarren-edizioa\/#primaryimage","url":"https:\/\/www.intxorta.org\/tienda\/wp-content\/uploads\/2022\/03\/azala-euskeraz-gogora-1.jpg","contentUrl":"https:\/\/www.intxorta.org\/tienda\/wp-content\/uploads\/2022\/03\/azala-euskeraz-gogora-1.jpg","width":1280,"height":858},{"@type":"BreadcrumbList","@id":"https:\/\/www.intxorta.org\/tienda\/producto\/memoria-partekatu-baterantz-arrasate-1936-1956-gerra-erresistentzia-eta-frankismoa-bigarren-edizioa\/#breadcrumb","itemListElement":[{"@type":"ListItem","position":1,"name":"Portada","item":"http:\/\/www.intxorta.org\/tienda\/"},{"@type":"ListItem","position":2,"name":"Tienda Intxorta","item":"http:\/\/www.intxorta.org\/tienda\/tienda-intxorta\/"},{"@type":"ListItem","position":3,"name":"Memoria partekatu baterantz Arrasate 1936-1956. Gerra, Erresistentzia eta Frankismoa. BIGARREN EDIZIOA. Ebook dohain"}]},{"@type":"WebSite","@id":"https:\/\/www.intxorta.org\/tienda\/#website","url":"https:\/\/www.intxorta.org\/tienda\/","name":"Tienda Online de Intxorta 1937 Kultur Elkartea","description":"Por la recuperaci&oacute;n de la memoria hist&oacute;rica","potentialAction":[{"@type":"SearchAction","target":{"@type":"EntryPoint","urlTemplate":"https:\/\/www.intxorta.org\/tienda\/?s={search_term_string}"},"query-input":{"@type":"PropertyValueSpecification","valueRequired":true,"valueName":"search_term_string"}}],"inLanguage":"es"}]}},"_links":{"self":[{"href":"https:\/\/www.intxorta.org\/tienda\/wp-json\/wp\/v2\/product\/5227","targetHints":{"allow":["GET"]}}],"collection":[{"href":"https:\/\/www.intxorta.org\/tienda\/wp-json\/wp\/v2\/product"}],"about":[{"href":"https:\/\/www.intxorta.org\/tienda\/wp-json\/wp\/v2\/types\/product"}],"replies":[{"embeddable":true,"href":"https:\/\/www.intxorta.org\/tienda\/wp-json\/wp\/v2\/comments?post=5227"}],"wp:featuredmedia":[{"embeddable":true,"href":"https:\/\/www.intxorta.org\/tienda\/wp-json\/wp\/v2\/media\/5281"}],"wp:attachment":[{"href":"https:\/\/www.intxorta.org\/tienda\/wp-json\/wp\/v2\/media?parent=5227"}],"wp:term":[{"taxonomy":"product_brand","embeddable":true,"href":"https:\/\/www.intxorta.org\/tienda\/wp-json\/wp\/v2\/product_brand?post=5227"},{"taxonomy":"product_cat","embeddable":true,"href":"https:\/\/www.intxorta.org\/tienda\/wp-json\/wp\/v2\/product_cat?post=5227"},{"taxonomy":"product_tag","embeddable":true,"href":"https:\/\/www.intxorta.org\/tienda\/wp-json\/wp\/v2\/product_tag?post=5227"}],"curies":[{"name":"wp","href":"https:\/\/api.w.org\/{rel}","templated":true}]}}