{"id":431,"date":"2015-10-07T14:59:15","date_gmt":"2015-10-07T12:59:15","guid":{"rendered":"http:\/\/www.intxorta.org\/tienda\/?post_type=product&#038;p=431"},"modified":"2021-10-04T18:47:19","modified_gmt":"2021-10-04T16:47:19","slug":"educacion-memoria-e-historia-de-las-mujeres-vascas-lecturas-feministas","status":"publish","type":"product","link":"https:\/\/www.intxorta.org\/tienda\/producto\/educacion-memoria-e-historia-de-las-mujeres-vascas-lecturas-feministas\/","title":{"rendered":"EDUCACI\u00d3N, MEMORIA E HISTORIA de las mujeres vascas. Lecturas feministas."},"content":{"rendered":"<p>[et_pb_section fb_built=\u00bb1&#8243; _builder_version=\u00bb3.22&#8243; custom_padding=\u00bb0px||||false|false\u00bb global_colors_info=\u00bb{}\u00bb][et_pb_row _builder_version=\u00bb3.25&#8243; background_size=\u00bbinitial\u00bb background_position=\u00bbtop_left\u00bb background_repeat=\u00bbrepeat\u00bb width=\u00bb100%\u00bb custom_padding=\u00bb0px||0px||false|false\u00bb global_colors_info=\u00bb{}\u00bb][et_pb_column type=\u00bb4_4&#8243; _builder_version=\u00bb3.25&#8243; custom_padding=\u00bb|||\u00bb global_colors_info=\u00bb{}\u00bb custom_padding__hover=\u00bb|||\u00bb][et_pb_wc_breadcrumb _builder_version=\u00bb3.0.47&#8243; global_colors_info=\u00bb{}\u00bb][\/et_pb_wc_breadcrumb][et_pb_wc_cart_notice _builder_version=\u00bb4.11.1&#8243; hover_enabled=\u00bb0&#8243; global_colors_info=\u00bb{}\u00bb sticky_enabled=\u00bb0&#8243; background_color=\u00bb#23282d\u00bb custom_button=\u00bbon\u00bb button_text_color=\u00bb#000000&#8243; button_bg_color=\u00bb#cfee91&#8243; button_bg_enable_color=\u00bbon\u00bb][\/et_pb_wc_cart_notice][\/et_pb_column][\/et_pb_row][et_pb_row column_structure=\u00bb1_2,1_2&#8243; _builder_version=\u00bb3.25&#8243; background_size=\u00bbinitial\u00bb background_position=\u00bbtop_left\u00bb background_repeat=\u00bbrepeat\u00bb width=\u00bb100%\u00bb custom_padding=\u00bb0px||||false|false\u00bb global_colors_info=\u00bb{}\u00bb][et_pb_column type=\u00bb1_2&#8243; _builder_version=\u00bb3.25&#8243; custom_padding=\u00bb|||\u00bb global_colors_info=\u00bb{}\u00bb custom_padding__hover=\u00bb|||\u00bb][et_pb_wc_images _builder_version=\u00bb3.0.47&#8243; global_colors_info=\u00bb{}\u00bb][\/et_pb_wc_images][\/et_pb_column][et_pb_column type=\u00bb1_2&#8243; _builder_version=\u00bb3.25&#8243; custom_padding=\u00bb|||\u00bb global_colors_info=\u00bb{}\u00bb custom_padding__hover=\u00bb|||\u00bb][et_pb_wc_title _builder_version=\u00bb3.0.47&#8243; global_colors_info=\u00bb{}\u00bb][\/et_pb_wc_title][et_pb_wc_rating _builder_version=\u00bb3.0.47&#8243; global_colors_info=\u00bb{}\u00bb][\/et_pb_wc_rating][et_pb_wc_price _builder_version=\u00bb3.0.47&#8243; global_colors_info=\u00bb{}\u00bb][\/et_pb_wc_price][et_pb_wc_description _builder_version=\u00bb3.0.47&#8243; global_colors_info=\u00bb{}\u00bb][\/et_pb_wc_description][et_pb_wc_add_to_cart _builder_version=\u00bb4.11.1&#8243; custom_button=\u00bbon\u00bb button_text_color=\u00bb#000000&#8243; hover_enabled=\u00bb0&#8243; global_colors_info=\u00bb{}\u00bb button_bg_color=\u00bb#cfee91&#8243; button_bg_enable_color=\u00bbon\u00bb sticky_enabled=\u00bb0&#8243;][\/et_pb_wc_add_to_cart][\/et_pb_column][\/et_pb_row][et_pb_row _builder_version=\u00bb3.25&#8243; background_size=\u00bbinitial\u00bb background_position=\u00bbtop_left\u00bb background_repeat=\u00bbrepeat\u00bb width=\u00bb100%\u00bb global_colors_info=\u00bb{}\u00bb][et_pb_column type=\u00bb4_4&#8243; _builder_version=\u00bb3.25&#8243; custom_padding=\u00bb|||\u00bb global_colors_info=\u00bb{}\u00bb custom_padding__hover=\u00bb|||\u00bb][et_pb_wc_tabs _builder_version=\u00bb3.0.47&#8243; global_colors_info=\u00bb{}\u00bb]\t\t\t\t\t[\/et_pb_wc_tabs][et_pb_wc_upsells _builder_version=\u00bb3.0.47&#8243; global_colors_info=\u00bb{}\u00bb][\/et_pb_wc_upsells][et_pb_wc_related_products _builder_version=\u00bb3.0.47&#8243; global_colors_info=\u00bb{}\u00bb][\/et_pb_wc_related_products][\/et_pb_column][\/et_pb_row][\/et_pb_section]<\/p>\n","protected":false},"excerpt":{"rendered":"<p>Liburu honetan lantzen diren gai nagusiak Euskadin, politika arloan, bizirik dauden gaiak dira, eta ekarpen bat egin dezakete hainbat gairen inguruko politiketan, azterlanetan eta gizarte eztabaidan: emakumeen bazterketa, emakumeen lorpenak eta sormena, memoria, ahanztura, gizarte mugimenduak eta hezkuntza proiektuak, besteak beste.<br \/>\nLiburuak diziplina anitz biltzen ditu bere baitan. Saiakeren analisi xedeak askotarikoak diren arren, genero ikuspegiak eta hezkuntzarekiko keinuak egituratzen dituzte. Bere originaltasuna elkargune honetan datza, eta, horri esker, bere ekarpena egiten die berdintasunari, hezkuntzari, gizarteratzeari eta gizarte zientzien garapenari buruzko hausnarketei.<\/p>\n<p>Los temas centrales del libro se refieren a asuntos pol\u00edticamente vivos para el Pa\u00eds Vasco por lo que pueden suponer una aportaci\u00f3n a las pol\u00edticas, los estudios o el debate social en torno a varios asuntos que se plantean: exclusi\u00f3n femenina, agencia y creatividad de las mujeres, memoria, olvido, movimientos sociales y proyectos educativos, entre otros.<br \/>\nEl abordaje del libro es multidisciplinario. Aunque los objetos anal\u00edticos de los ensayos var\u00edan, son la perspectiva de g\u00e9nero y el gui\u00f1o a lo educativo lo que los articula. Su originalidad estriba en esta intersecci\u00f3n, y contribuye con ella a las reflexiones sobre la igualdad, la educaci\u00f3n, la inclusi\u00f3n social y el desarrollo de las ciencias sociales.<\/p>\n","protected":false},"featured_media":432,"comment_status":"closed","ping_status":"closed","template":"","meta":{"_et_pb_use_builder":"on","_et_pb_old_content":"Izenburua \/ T\u00edtulo: Educaci\u00f3n, Memoria e Historia de las mujeres vascas. Lecturas feministas.\r\nEgileak \/ Autoras: Karmele Bujan Vidales, Luz Maceira Ochoa, Itziar Rekalde Rodriguez, Izazkun Orbegozo Oronoz, Bego\u00f1a Gorospe Pascual, Pilar Ariztizabal Llorente, Karmele Perez Urraza, Bego\u00f1a\r\nBilbao Bilbao, Gurutze Ezkurdia Arteaga, Pello Aramendi Jauregi, Zaida Fern\u00e1ndez P\u00e9rez.\r\nKoordinazioa eta orrasketa \/ Coordinaci\u00f3n y Revisi\u00f3n: Julia Monge Sarabia\r\nEuskeratzea \/ Traducci\u00f3n: Marga Garmendia Ginea\r\nAzala eta atzeko azala \/ Portada y Contraportada: Helena Azkarragaurizar Jauregi\r\nAspaldiko argazkiak \/ Fotos antiguas: Valeriano Martinez, Jose Mar\u00eda Lasagabaster Arriola, Archivo Arrasate Zientzia Elkartea\r\nArgitaletxea \/ Editorial: Intxorta 1937 kultur elkartea\u00a0\u00a0 www.intxorta.org\r\nLehenengo edizioa \/ Primera Edici\u00f3n: O\u00f1ati, Octubre de 2015\r\nMaketazioa eta inprimaketa \/ Maquetaci\u00f3n e impresi\u00f3n: Gertu, O\u00f1ati\r\nI.S.B.N.: 978-84-943095-1-9\r\nLege gordailua \/ Dep\u00f3sito Legal : SS-1124-2015\r\nLaguntzailea \/ Colaborador: Eusko Jaurlaritza \/ Gobierno Vasco","_et_gb_content_width":"","_monsterinsights_skip_tracking":false,"_monsterinsights_sitenote_active":false,"_monsterinsights_sitenote_note":"","_monsterinsights_sitenote_category":0},"product_brand":[],"product_cat":[35],"product_tag":[],"class_list":{"0":"post-431","1":"product","2":"type-product","3":"status-publish","4":"has-post-thumbnail","6":"product_cat-sin-categorizar","7":"product_shipping_class-gastos-de-envio","9":"first","10":"instock","11":"shipping-taxable","12":"purchasable","13":"product-type-simple"},"yoast_head":"<!-- This site is optimized with the Yoast SEO plugin v27.1.1 - https:\/\/yoast.com\/product\/yoast-seo-wordpress\/ -->\n<title>EDUCACI\u00d3N, MEMORIA E HISTORIA de las mujeres vascas. Lecturas feministas. - Tienda Online de Intxorta 1937 Kultur Elkartea<\/title>\n<meta name=\"robots\" content=\"index, follow, max-snippet:-1, max-image-preview:large, max-video-preview:-1\" \/>\n<link rel=\"canonical\" href=\"https:\/\/www.intxorta.org\/tienda\/producto\/educacion-memoria-e-historia-de-las-mujeres-vascas-lecturas-feministas\/\" \/>\n<meta property=\"og:locale\" content=\"es_ES\" \/>\n<meta property=\"og:type\" content=\"article\" \/>\n<meta property=\"og:title\" content=\"EDUCACI\u00d3N, MEMORIA E HISTORIA de las mujeres vascas. Lecturas feministas. - Tienda Online de Intxorta 1937 Kultur Elkartea\" \/>\n<meta property=\"og:description\" content=\"Liburu honetan lantzen diren gai nagusiak Euskadin, politika arloan, bizirik dauden gaiak dira, eta ekarpen bat egin dezakete hainbat gairen inguruko politiketan, azterlanetan eta gizarte eztabaidan: emakumeen bazterketa, emakumeen lorpenak eta sormena, memoria, ahanztura, gizarte mugimenduak eta hezkuntza proiektuak, besteak beste. Liburuak diziplina anitz biltzen ditu bere baitan. Saiakeren analisi xedeak askotarikoak diren arren, genero ikuspegiak eta hezkuntzarekiko keinuak egituratzen dituzte. Bere originaltasuna elkargune honetan datza, eta, horri esker, bere ekarpena egiten die berdintasunari, hezkuntzari, gizarteratzeari eta gizarte zientzien garapenari buruzko hausnarketei.  Los temas centrales del libro se refieren a asuntos pol\u00edticamente vivos para el Pa\u00eds Vasco por lo que pueden suponer una aportaci\u00f3n a las pol\u00edticas, los estudios o el debate social en torno a varios asuntos que se plantean: exclusi\u00f3n femenina, agencia y creatividad de las mujeres, memoria, olvido, movimientos sociales y proyectos educativos, entre otros. El abordaje del libro es multidisciplinario. Aunque los objetos anal\u00edticos de los ensayos var\u00edan, son la perspectiva de g\u00e9nero y el gui\u00f1o a lo educativo lo que los articula. Su originalidad estriba en esta intersecci\u00f3n, y contribuye con ella a las reflexiones sobre la igualdad, la educaci\u00f3n, la inclusi\u00f3n social y el desarrollo de las ciencias sociales.\" \/>\n<meta property=\"og:url\" content=\"https:\/\/www.intxorta.org\/tienda\/producto\/educacion-memoria-e-historia-de-las-mujeres-vascas-lecturas-feministas\/\" \/>\n<meta property=\"og:site_name\" content=\"Tienda Online de Intxorta 1937 Kultur Elkartea\" \/>\n<meta property=\"article:modified_time\" content=\"2021-10-04T16:47:19+00:00\" \/>\n<meta property=\"og:image\" content=\"http:\/\/www.intxorta.org\/tienda\/wp-content\/uploads\/2015\/10\/educacion-memoria-e-historia.jpg\" \/>\n\t<meta property=\"og:image:width\" content=\"252\" \/>\n\t<meta property=\"og:image:height\" content=\"400\" \/>\n\t<meta property=\"og:image:type\" content=\"image\/jpeg\" \/>\n<meta name=\"twitter:card\" content=\"summary_large_image\" \/>\n<meta name=\"twitter:label1\" content=\"Tiempo de lectura\" \/>\n\t<meta name=\"twitter:data1\" content=\"2 minutos\" \/>\n<script type=\"application\/ld+json\" class=\"yoast-schema-graph\">{\"@context\":\"https:\/\/schema.org\",\"@graph\":[{\"@type\":\"WebPage\",\"@id\":\"https:\/\/www.intxorta.org\/tienda\/producto\/educacion-memoria-e-historia-de-las-mujeres-vascas-lecturas-feministas\/\",\"url\":\"https:\/\/www.intxorta.org\/tienda\/producto\/educacion-memoria-e-historia-de-las-mujeres-vascas-lecturas-feministas\/\",\"name\":\"EDUCACI\u00d3N, MEMORIA E HISTORIA de las mujeres vascas. Lecturas feministas. - Tienda Online de Intxorta 1937 Kultur Elkartea\",\"isPartOf\":{\"@id\":\"https:\/\/www.intxorta.org\/tienda\/#website\"},\"primaryImageOfPage\":{\"@id\":\"https:\/\/www.intxorta.org\/tienda\/producto\/educacion-memoria-e-historia-de-las-mujeres-vascas-lecturas-feministas\/#primaryimage\"},\"image\":{\"@id\":\"https:\/\/www.intxorta.org\/tienda\/producto\/educacion-memoria-e-historia-de-las-mujeres-vascas-lecturas-feministas\/#primaryimage\"},\"thumbnailUrl\":\"https:\/\/www.intxorta.org\/tienda\/wp-content\/uploads\/2015\/10\/educacion-memoria-e-historia.jpg\",\"datePublished\":\"2015-10-07T12:59:15+00:00\",\"dateModified\":\"2021-10-04T16:47:19+00:00\",\"breadcrumb\":{\"@id\":\"https:\/\/www.intxorta.org\/tienda\/producto\/educacion-memoria-e-historia-de-las-mujeres-vascas-lecturas-feministas\/#breadcrumb\"},\"inLanguage\":\"es\",\"potentialAction\":[{\"@type\":\"ReadAction\",\"target\":[\"https:\/\/www.intxorta.org\/tienda\/producto\/educacion-memoria-e-historia-de-las-mujeres-vascas-lecturas-feministas\/\"]}]},{\"@type\":\"ImageObject\",\"inLanguage\":\"es\",\"@id\":\"https:\/\/www.intxorta.org\/tienda\/producto\/educacion-memoria-e-historia-de-las-mujeres-vascas-lecturas-feministas\/#primaryimage\",\"url\":\"https:\/\/www.intxorta.org\/tienda\/wp-content\/uploads\/2015\/10\/educacion-memoria-e-historia.jpg\",\"contentUrl\":\"https:\/\/www.intxorta.org\/tienda\/wp-content\/uploads\/2015\/10\/educacion-memoria-e-historia.jpg\",\"width\":252,\"height\":400},{\"@type\":\"BreadcrumbList\",\"@id\":\"https:\/\/www.intxorta.org\/tienda\/producto\/educacion-memoria-e-historia-de-las-mujeres-vascas-lecturas-feministas\/#breadcrumb\",\"itemListElement\":[{\"@type\":\"ListItem\",\"position\":1,\"name\":\"Portada\",\"item\":\"http:\/\/www.intxorta.org\/tienda\/\"},{\"@type\":\"ListItem\",\"position\":2,\"name\":\"Tienda Intxorta\",\"item\":\"http:\/\/www.intxorta.org\/tienda\/tienda-intxorta\/\"},{\"@type\":\"ListItem\",\"position\":3,\"name\":\"EDUCACI\u00d3N, MEMORIA E HISTORIA de las mujeres vascas. Lecturas feministas.\"}]},{\"@type\":\"WebSite\",\"@id\":\"https:\/\/www.intxorta.org\/tienda\/#website\",\"url\":\"https:\/\/www.intxorta.org\/tienda\/\",\"name\":\"Tienda Online de Intxorta 1937 Kultur Elkartea\",\"description\":\"Por la recuperaci&oacute;n de la memoria hist&oacute;rica\",\"potentialAction\":[{\"@type\":\"SearchAction\",\"target\":{\"@type\":\"EntryPoint\",\"urlTemplate\":\"https:\/\/www.intxorta.org\/tienda\/?s={search_term_string}\"},\"query-input\":{\"@type\":\"PropertyValueSpecification\",\"valueRequired\":true,\"valueName\":\"search_term_string\"}}],\"inLanguage\":\"es\"}]}<\/script>\n<!-- \/ Yoast SEO plugin. -->","yoast_head_json":{"title":"EDUCACI\u00d3N, MEMORIA E HISTORIA de las mujeres vascas. Lecturas feministas. - Tienda Online de Intxorta 1937 Kultur Elkartea","robots":{"index":"index","follow":"follow","max-snippet":"max-snippet:-1","max-image-preview":"max-image-preview:large","max-video-preview":"max-video-preview:-1"},"canonical":"https:\/\/www.intxorta.org\/tienda\/producto\/educacion-memoria-e-historia-de-las-mujeres-vascas-lecturas-feministas\/","og_locale":"es_ES","og_type":"article","og_title":"EDUCACI\u00d3N, MEMORIA E HISTORIA de las mujeres vascas. Lecturas feministas. - Tienda Online de Intxorta 1937 Kultur Elkartea","og_description":"Liburu honetan lantzen diren gai nagusiak Euskadin, politika arloan, bizirik dauden gaiak dira, eta ekarpen bat egin dezakete hainbat gairen inguruko politiketan, azterlanetan eta gizarte eztabaidan: emakumeen bazterketa, emakumeen lorpenak eta sormena, memoria, ahanztura, gizarte mugimenduak eta hezkuntza proiektuak, besteak beste. Liburuak diziplina anitz biltzen ditu bere baitan. Saiakeren analisi xedeak askotarikoak diren arren, genero ikuspegiak eta hezkuntzarekiko keinuak egituratzen dituzte. Bere originaltasuna elkargune honetan datza, eta, horri esker, bere ekarpena egiten die berdintasunari, hezkuntzari, gizarteratzeari eta gizarte zientzien garapenari buruzko hausnarketei.  Los temas centrales del libro se refieren a asuntos pol\u00edticamente vivos para el Pa\u00eds Vasco por lo que pueden suponer una aportaci\u00f3n a las pol\u00edticas, los estudios o el debate social en torno a varios asuntos que se plantean: exclusi\u00f3n femenina, agencia y creatividad de las mujeres, memoria, olvido, movimientos sociales y proyectos educativos, entre otros. El abordaje del libro es multidisciplinario. Aunque los objetos anal\u00edticos de los ensayos var\u00edan, son la perspectiva de g\u00e9nero y el gui\u00f1o a lo educativo lo que los articula. Su originalidad estriba en esta intersecci\u00f3n, y contribuye con ella a las reflexiones sobre la igualdad, la educaci\u00f3n, la inclusi\u00f3n social y el desarrollo de las ciencias sociales.","og_url":"https:\/\/www.intxorta.org\/tienda\/producto\/educacion-memoria-e-historia-de-las-mujeres-vascas-lecturas-feministas\/","og_site_name":"Tienda Online de Intxorta 1937 Kultur Elkartea","article_modified_time":"2021-10-04T16:47:19+00:00","og_image":[{"width":252,"height":400,"url":"http:\/\/www.intxorta.org\/tienda\/wp-content\/uploads\/2015\/10\/educacion-memoria-e-historia.jpg","type":"image\/jpeg"}],"twitter_card":"summary_large_image","twitter_misc":{"Tiempo de lectura":"2 minutos"},"schema":{"@context":"https:\/\/schema.org","@graph":[{"@type":"WebPage","@id":"https:\/\/www.intxorta.org\/tienda\/producto\/educacion-memoria-e-historia-de-las-mujeres-vascas-lecturas-feministas\/","url":"https:\/\/www.intxorta.org\/tienda\/producto\/educacion-memoria-e-historia-de-las-mujeres-vascas-lecturas-feministas\/","name":"EDUCACI\u00d3N, MEMORIA E HISTORIA de las mujeres vascas. Lecturas feministas. - Tienda Online de Intxorta 1937 Kultur Elkartea","isPartOf":{"@id":"https:\/\/www.intxorta.org\/tienda\/#website"},"primaryImageOfPage":{"@id":"https:\/\/www.intxorta.org\/tienda\/producto\/educacion-memoria-e-historia-de-las-mujeres-vascas-lecturas-feministas\/#primaryimage"},"image":{"@id":"https:\/\/www.intxorta.org\/tienda\/producto\/educacion-memoria-e-historia-de-las-mujeres-vascas-lecturas-feministas\/#primaryimage"},"thumbnailUrl":"https:\/\/www.intxorta.org\/tienda\/wp-content\/uploads\/2015\/10\/educacion-memoria-e-historia.jpg","datePublished":"2015-10-07T12:59:15+00:00","dateModified":"2021-10-04T16:47:19+00:00","breadcrumb":{"@id":"https:\/\/www.intxorta.org\/tienda\/producto\/educacion-memoria-e-historia-de-las-mujeres-vascas-lecturas-feministas\/#breadcrumb"},"inLanguage":"es","potentialAction":[{"@type":"ReadAction","target":["https:\/\/www.intxorta.org\/tienda\/producto\/educacion-memoria-e-historia-de-las-mujeres-vascas-lecturas-feministas\/"]}]},{"@type":"ImageObject","inLanguage":"es","@id":"https:\/\/www.intxorta.org\/tienda\/producto\/educacion-memoria-e-historia-de-las-mujeres-vascas-lecturas-feministas\/#primaryimage","url":"https:\/\/www.intxorta.org\/tienda\/wp-content\/uploads\/2015\/10\/educacion-memoria-e-historia.jpg","contentUrl":"https:\/\/www.intxorta.org\/tienda\/wp-content\/uploads\/2015\/10\/educacion-memoria-e-historia.jpg","width":252,"height":400},{"@type":"BreadcrumbList","@id":"https:\/\/www.intxorta.org\/tienda\/producto\/educacion-memoria-e-historia-de-las-mujeres-vascas-lecturas-feministas\/#breadcrumb","itemListElement":[{"@type":"ListItem","position":1,"name":"Portada","item":"http:\/\/www.intxorta.org\/tienda\/"},{"@type":"ListItem","position":2,"name":"Tienda Intxorta","item":"http:\/\/www.intxorta.org\/tienda\/tienda-intxorta\/"},{"@type":"ListItem","position":3,"name":"EDUCACI\u00d3N, MEMORIA E HISTORIA de las mujeres vascas. Lecturas feministas."}]},{"@type":"WebSite","@id":"https:\/\/www.intxorta.org\/tienda\/#website","url":"https:\/\/www.intxorta.org\/tienda\/","name":"Tienda Online de Intxorta 1937 Kultur Elkartea","description":"Por la recuperaci&oacute;n de la memoria hist&oacute;rica","potentialAction":[{"@type":"SearchAction","target":{"@type":"EntryPoint","urlTemplate":"https:\/\/www.intxorta.org\/tienda\/?s={search_term_string}"},"query-input":{"@type":"PropertyValueSpecification","valueRequired":true,"valueName":"search_term_string"}}],"inLanguage":"es"}]}},"_links":{"self":[{"href":"https:\/\/www.intxorta.org\/tienda\/wp-json\/wp\/v2\/product\/431","targetHints":{"allow":["GET"]}}],"collection":[{"href":"https:\/\/www.intxorta.org\/tienda\/wp-json\/wp\/v2\/product"}],"about":[{"href":"https:\/\/www.intxorta.org\/tienda\/wp-json\/wp\/v2\/types\/product"}],"replies":[{"embeddable":true,"href":"https:\/\/www.intxorta.org\/tienda\/wp-json\/wp\/v2\/comments?post=431"}],"wp:featuredmedia":[{"embeddable":true,"href":"https:\/\/www.intxorta.org\/tienda\/wp-json\/wp\/v2\/media\/432"}],"wp:attachment":[{"href":"https:\/\/www.intxorta.org\/tienda\/wp-json\/wp\/v2\/media?parent=431"}],"wp:term":[{"taxonomy":"product_brand","embeddable":true,"href":"https:\/\/www.intxorta.org\/tienda\/wp-json\/wp\/v2\/product_brand?post=431"},{"taxonomy":"product_cat","embeddable":true,"href":"https:\/\/www.intxorta.org\/tienda\/wp-json\/wp\/v2\/product_cat?post=431"},{"taxonomy":"product_tag","embeddable":true,"href":"https:\/\/www.intxorta.org\/tienda\/wp-json\/wp\/v2\/product_tag?post=431"}],"curies":[{"name":"wp","href":"https:\/\/api.w.org\/{rel}","templated":true}]}}