{"id":501,"date":"2017-10-02T11:24:29","date_gmt":"2017-10-02T09:24:29","guid":{"rendered":"http:\/\/www.intxorta.org\/tienda\/?post_type=product&#038;p=501"},"modified":"2021-10-04T18:25:33","modified_gmt":"2021-10-04T16:25:33","slug":"apaizak-ere-torturatuak","status":"publish","type":"product","link":"http:\/\/www.intxorta.org\/tienda\/producto\/apaizak-ere-torturatuak\/","title":{"rendered":"Apaizak ere torturatuak"},"content":{"rendered":"<p>[et_pb_section fb_built=\u00bb1&#8243; _builder_version=\u00bb3.22&#8243; custom_padding=\u00bb0px||||false|false\u00bb global_colors_info=\u00bb{}\u00bb][et_pb_row _builder_version=\u00bb3.25&#8243; background_size=\u00bbinitial\u00bb background_position=\u00bbtop_left\u00bb background_repeat=\u00bbrepeat\u00bb width=\u00bb100%\u00bb custom_padding=\u00bb0px||0px||false|false\u00bb global_colors_info=\u00bb{}\u00bb][et_pb_column type=\u00bb4_4&#8243; _builder_version=\u00bb3.25&#8243; custom_padding=\u00bb|||\u00bb global_colors_info=\u00bb{}\u00bb custom_padding__hover=\u00bb|||\u00bb][et_pb_wc_breadcrumb _builder_version=\u00bb3.0.47&#8243; global_colors_info=\u00bb{}\u00bb][\/et_pb_wc_breadcrumb][et_pb_wc_cart_notice _builder_version=\u00bb4.11.1&#8243; hover_enabled=\u00bb0&#8243; global_colors_info=\u00bb{}\u00bb background_color=\u00bb#23282d\u00bb custom_button=\u00bbon\u00bb button_text_color=\u00bb#000000&#8243; button_bg_color=\u00bb#cfee91&#8243; button_bg_enable_color=\u00bbon\u00bb sticky_enabled=\u00bb0&#8243;][\/et_pb_wc_cart_notice][\/et_pb_column][\/et_pb_row][et_pb_row column_structure=\u00bb1_2,1_2&#8243; _builder_version=\u00bb3.25&#8243; background_size=\u00bbinitial\u00bb background_position=\u00bbtop_left\u00bb background_repeat=\u00bbrepeat\u00bb width=\u00bb100%\u00bb custom_padding=\u00bb0px||||false|false\u00bb global_colors_info=\u00bb{}\u00bb][et_pb_column type=\u00bb1_2&#8243; _builder_version=\u00bb3.25&#8243; custom_padding=\u00bb|||\u00bb global_colors_info=\u00bb{}\u00bb custom_padding__hover=\u00bb|||\u00bb][et_pb_wc_images _builder_version=\u00bb3.0.47&#8243; global_colors_info=\u00bb{}\u00bb][\/et_pb_wc_images][\/et_pb_column][et_pb_column type=\u00bb1_2&#8243; _builder_version=\u00bb3.25&#8243; custom_padding=\u00bb|||\u00bb global_colors_info=\u00bb{}\u00bb custom_padding__hover=\u00bb|||\u00bb][et_pb_wc_title _builder_version=\u00bb3.0.47&#8243; global_colors_info=\u00bb{}\u00bb][\/et_pb_wc_title][et_pb_wc_rating _builder_version=\u00bb3.0.47&#8243; global_colors_info=\u00bb{}\u00bb][\/et_pb_wc_rating][et_pb_wc_price _builder_version=\u00bb3.0.47&#8243; global_colors_info=\u00bb{}\u00bb][\/et_pb_wc_price][et_pb_wc_description _builder_version=\u00bb3.0.47&#8243; global_colors_info=\u00bb{}\u00bb][\/et_pb_wc_description][et_pb_wc_add_to_cart _builder_version=\u00bb4.11.1&#8243; custom_button=\u00bbon\u00bb button_text_color=\u00bb#000000&#8243; hover_enabled=\u00bb0&#8243; global_colors_info=\u00bb{}\u00bb button_bg_color=\u00bb#cfee91&#8243; button_bg_enable_color=\u00bbon\u00bb sticky_enabled=\u00bb0&#8243;][\/et_pb_wc_add_to_cart][\/et_pb_column][\/et_pb_row][et_pb_row _builder_version=\u00bb3.25&#8243; background_size=\u00bbinitial\u00bb background_position=\u00bbtop_left\u00bb background_repeat=\u00bbrepeat\u00bb width=\u00bb100%\u00bb global_colors_info=\u00bb{}\u00bb][et_pb_column type=\u00bb4_4&#8243; _builder_version=\u00bb3.25&#8243; custom_padding=\u00bb|||\u00bb global_colors_info=\u00bb{}\u00bb custom_padding__hover=\u00bb|||\u00bb][et_pb_wc_tabs _builder_version=\u00bb3.0.47&#8243; global_colors_info=\u00bb{}\u00bb]\t\t\t\t\t[\/et_pb_wc_tabs][et_pb_wc_upsells _builder_version=\u00bb3.0.47&#8243; global_colors_info=\u00bb{}\u00bb][\/et_pb_wc_upsells][et_pb_wc_related_products _builder_version=\u00bb3.0.47&#8243; global_colors_info=\u00bb{}\u00bb][\/et_pb_wc_related_products][\/et_pb_column][\/et_pb_row][\/et_pb_section]<\/p>\n","protected":false},"excerpt":{"rendered":"<p>Apaizak ere torturatuak. Liburu honetan jasotzen dira hogei apaizen lekukotasunak. Bizpahiru falta dira, hilak edo zahartzaroko dementziaz ezinduak baitaude. 1969-2003 urteen tartean gertatuak. Poliziakide hainbatek polizia etxeetan eginak, bai apaiz sekularrei, bai ordena erlijiosoetako kideei; Hegoaldeko lau probintzietan elizgizonek pairatuak.<\/p>\n<p>Euskal herritarren artean milaka tortura kasu dokumentatuak direnean, ezer gutxi dira apaizenak. Hala ere \u00abtortura inoiz justifikatu ezin denean, ezta salbuespeneko kasuetan, edota guda egoeretan ere\u00bb merezi du zerrenda beldurgarri horretan apaizena ere tartekatzea.<\/p>\n","protected":false},"featured_media":502,"comment_status":"open","ping_status":"closed","template":"","meta":{"_et_pb_use_builder":"on","_et_pb_old_content":"<!--:es--><p style=\"padding-left: 30px;\"><span style=\"font-family: arial,helvetica,sans-serif;\">Autor: Martin Orbe y otros<\/span>\r\n<span style=\"font-family: arial,helvetica,sans-serif;\"> Editor: Intxorta 1937 Kultur Ekartea<\/span>\r\n<span style=\"font-family: arial,helvetica,sans-serif;\"> Coordinaci\u00f3n: Martin Orbe<\/span>\r\n<span style=\"font-family: arial,helvetica,sans-serif;\"> Portada: Alberto Encinas<\/span>\r\n<span style=\"font-family: arial,helvetica,sans-serif;\"> Primera edici\u00f3n: O\u00f1ati, Octubre 2017<\/span>\r\n<span style=\"font-family: arial,helvetica,sans-serif;\"> Maquetaci\u00f3n e impresi\u00f3n: Gertu, O\u00f1ati<\/span>\r\n<span style=\"font-family: arial,helvetica,sans-serif;\"> I.S.B.N.: 978-84-943095-5-7<\/span>\r\n<\/p><!--:--><!--:EU--><p style=\"padding-left: 30px;\"><\/p>\r\n\r\n<div id=\"divTraducir\" style=\"padding-left: 30px;\"><span style=\"font-family: arial,helvetica,sans-serif;\">Egilea: Martin Orbe eta beste batzuk<\/span>\r\n<span style=\"font-family: arial,helvetica,sans-serif;\">Argitaratzailea: Intxorta 1937 Kultur Ekartea<\/span>\r\n<span style=\"font-family: arial,helvetica,sans-serif;\">Koordinazioa: Martin Orbe<\/span>\r\n<span style=\"font-family: arial,helvetica,sans-serif;\">Euskararen itzulpena: Iraitz Lazkano<\/span>\r\n<span style=\"font-family: arial,helvetica,sans-serif;\">Portada: Alberto Encinas<\/span>\r\n<span style=\"font-family: arial,helvetica,sans-serif;\">Lehen edizioa: O\u00f1ati, 2017, Urria<\/span>\r\n<span style=\"font-family: arial,helvetica,sans-serif;\">Maquetaci\u00f3n-a eta inprimatzea: Gertu, O\u00f1ati<\/span>\r\n<span style=\"font-family: arial,helvetica,sans-serif;\">I.S.B.N.: 978-84-943095-5-7<\/span><\/div>\r\n<p style=\"padding-left: 30px;\"><span style=\"font-family: arial,helvetica,sans-serif;\">\u00a0<\/span><\/p><!--:-->","_et_gb_content_width":"","_monsterinsights_skip_tracking":false,"_monsterinsights_sitenote_active":false,"_monsterinsights_sitenote_note":"","_monsterinsights_sitenote_category":0},"product_brand":[],"product_cat":[35],"product_tag":[],"class_list":{"0":"post-501","1":"product","2":"type-product","3":"status-publish","4":"has-post-thumbnail","6":"product_cat-sin-categorizar","8":"first","9":"instock","10":"shipping-taxable","11":"purchasable","12":"product-type-simple"},"yoast_head":"<!-- This site is optimized with the Yoast SEO plugin v27.1.1 - https:\/\/yoast.com\/product\/yoast-seo-wordpress\/ -->\n<title>Apaizak ere torturatuak - Tienda Online de Intxorta 1937 Kultur Elkartea<\/title>\n<meta name=\"robots\" content=\"index, follow, max-snippet:-1, max-image-preview:large, max-video-preview:-1\" \/>\n<link rel=\"canonical\" href=\"http:\/\/www.intxorta.org\/tienda\/producto\/apaizak-ere-torturatuak\/\" \/>\n<meta property=\"og:locale\" content=\"es_ES\" \/>\n<meta property=\"og:type\" content=\"article\" \/>\n<meta property=\"og:title\" content=\"Apaizak ere torturatuak - Tienda Online de Intxorta 1937 Kultur Elkartea\" \/>\n<meta property=\"og:description\" content=\"Apaizak ere torturatuak. Liburu honetan jasotzen dira hogei apaizen lekukotasunak. Bizpahiru falta dira, hilak edo zahartzaroko dementziaz ezinduak baitaude. 1969-2003 urteen tartean gertatuak. Poliziakide hainbatek polizia etxeetan eginak, bai apaiz sekularrei, bai ordena erlijiosoetako kideei; Hegoaldeko lau probintzietan elizgizonek pairatuak.  Euskal herritarren artean milaka tortura kasu dokumentatuak direnean, ezer gutxi dira apaizenak. Hala ere &quot;tortura inoiz justifikatu ezin denean, ezta salbuespeneko kasuetan, edota guda egoeretan ere&quot; merezi du zerrenda beldurgarri horretan apaizena ere tartekatzea.\" \/>\n<meta property=\"og:url\" content=\"http:\/\/www.intxorta.org\/tienda\/producto\/apaizak-ere-torturatuak\/\" \/>\n<meta property=\"og:site_name\" content=\"Tienda Online de Intxorta 1937 Kultur Elkartea\" \/>\n<meta property=\"article:modified_time\" content=\"2021-10-04T16:25:33+00:00\" \/>\n<meta property=\"og:image\" content=\"http:\/\/www.intxorta.org\/tienda\/wp-content\/uploads\/2018\/01\/apaizak-re-torturatuak-azala-bi-scaled.jpg\" \/>\n\t<meta property=\"og:image:width\" content=\"1757\" \/>\n\t<meta property=\"og:image:height\" content=\"2560\" \/>\n\t<meta property=\"og:image:type\" content=\"image\/jpeg\" \/>\n<meta name=\"twitter:card\" content=\"summary_large_image\" \/>\n<meta name=\"twitter:label1\" content=\"Tiempo de lectura\" \/>\n\t<meta name=\"twitter:data1\" content=\"2 minutos\" \/>\n<script type=\"application\/ld+json\" class=\"yoast-schema-graph\">{\"@context\":\"https:\/\/schema.org\",\"@graph\":[{\"@type\":\"WebPage\",\"@id\":\"http:\/\/www.intxorta.org\/tienda\/producto\/apaizak-ere-torturatuak\/\",\"url\":\"http:\/\/www.intxorta.org\/tienda\/producto\/apaizak-ere-torturatuak\/\",\"name\":\"Apaizak ere torturatuak - Tienda Online de Intxorta 1937 Kultur Elkartea\",\"isPartOf\":{\"@id\":\"http:\/\/www.intxorta.org\/tienda\/#website\"},\"primaryImageOfPage\":{\"@id\":\"http:\/\/www.intxorta.org\/tienda\/producto\/apaizak-ere-torturatuak\/#primaryimage\"},\"image\":{\"@id\":\"http:\/\/www.intxorta.org\/tienda\/producto\/apaizak-ere-torturatuak\/#primaryimage\"},\"thumbnailUrl\":\"http:\/\/www.intxorta.org\/tienda\/wp-content\/uploads\/2018\/01\/apaizak-re-torturatuak-azala-bi-scaled.jpg\",\"datePublished\":\"2017-10-02T09:24:29+00:00\",\"dateModified\":\"2021-10-04T16:25:33+00:00\",\"breadcrumb\":{\"@id\":\"http:\/\/www.intxorta.org\/tienda\/producto\/apaizak-ere-torturatuak\/#breadcrumb\"},\"inLanguage\":\"es\",\"potentialAction\":[{\"@type\":\"ReadAction\",\"target\":[\"http:\/\/www.intxorta.org\/tienda\/producto\/apaizak-ere-torturatuak\/\"]}]},{\"@type\":\"ImageObject\",\"inLanguage\":\"es\",\"@id\":\"http:\/\/www.intxorta.org\/tienda\/producto\/apaizak-ere-torturatuak\/#primaryimage\",\"url\":\"http:\/\/www.intxorta.org\/tienda\/wp-content\/uploads\/2018\/01\/apaizak-re-torturatuak-azala-bi-scaled.jpg\",\"contentUrl\":\"http:\/\/www.intxorta.org\/tienda\/wp-content\/uploads\/2018\/01\/apaizak-re-torturatuak-azala-bi-scaled.jpg\",\"width\":1757,\"height\":2560},{\"@type\":\"BreadcrumbList\",\"@id\":\"http:\/\/www.intxorta.org\/tienda\/producto\/apaizak-ere-torturatuak\/#breadcrumb\",\"itemListElement\":[{\"@type\":\"ListItem\",\"position\":1,\"name\":\"Portada\",\"item\":\"http:\/\/www.intxorta.org\/tienda\/\"},{\"@type\":\"ListItem\",\"position\":2,\"name\":\"Tienda Intxorta\",\"item\":\"http:\/\/www.intxorta.org\/tienda\/tienda-intxorta\/\"},{\"@type\":\"ListItem\",\"position\":3,\"name\":\"Apaizak ere torturatuak\"}]},{\"@type\":\"WebSite\",\"@id\":\"http:\/\/www.intxorta.org\/tienda\/#website\",\"url\":\"http:\/\/www.intxorta.org\/tienda\/\",\"name\":\"Tienda Online de Intxorta 1937 Kultur Elkartea\",\"description\":\"Por la recuperaci&oacute;n de la memoria hist&oacute;rica\",\"potentialAction\":[{\"@type\":\"SearchAction\",\"target\":{\"@type\":\"EntryPoint\",\"urlTemplate\":\"http:\/\/www.intxorta.org\/tienda\/?s={search_term_string}\"},\"query-input\":{\"@type\":\"PropertyValueSpecification\",\"valueRequired\":true,\"valueName\":\"search_term_string\"}}],\"inLanguage\":\"es\"}]}<\/script>\n<!-- \/ Yoast SEO plugin. -->","yoast_head_json":{"title":"Apaizak ere torturatuak - Tienda Online de Intxorta 1937 Kultur Elkartea","robots":{"index":"index","follow":"follow","max-snippet":"max-snippet:-1","max-image-preview":"max-image-preview:large","max-video-preview":"max-video-preview:-1"},"canonical":"http:\/\/www.intxorta.org\/tienda\/producto\/apaizak-ere-torturatuak\/","og_locale":"es_ES","og_type":"article","og_title":"Apaizak ere torturatuak - Tienda Online de Intxorta 1937 Kultur Elkartea","og_description":"Apaizak ere torturatuak. Liburu honetan jasotzen dira hogei apaizen lekukotasunak. Bizpahiru falta dira, hilak edo zahartzaroko dementziaz ezinduak baitaude. 1969-2003 urteen tartean gertatuak. Poliziakide hainbatek polizia etxeetan eginak, bai apaiz sekularrei, bai ordena erlijiosoetako kideei; Hegoaldeko lau probintzietan elizgizonek pairatuak.  Euskal herritarren artean milaka tortura kasu dokumentatuak direnean, ezer gutxi dira apaizenak. Hala ere \"tortura inoiz justifikatu ezin denean, ezta salbuespeneko kasuetan, edota guda egoeretan ere\" merezi du zerrenda beldurgarri horretan apaizena ere tartekatzea.","og_url":"http:\/\/www.intxorta.org\/tienda\/producto\/apaizak-ere-torturatuak\/","og_site_name":"Tienda Online de Intxorta 1937 Kultur Elkartea","article_modified_time":"2021-10-04T16:25:33+00:00","og_image":[{"width":1757,"height":2560,"url":"http:\/\/www.intxorta.org\/tienda\/wp-content\/uploads\/2018\/01\/apaizak-re-torturatuak-azala-bi-scaled.jpg","type":"image\/jpeg"}],"twitter_card":"summary_large_image","twitter_misc":{"Tiempo de lectura":"2 minutos"},"schema":{"@context":"https:\/\/schema.org","@graph":[{"@type":"WebPage","@id":"http:\/\/www.intxorta.org\/tienda\/producto\/apaizak-ere-torturatuak\/","url":"http:\/\/www.intxorta.org\/tienda\/producto\/apaizak-ere-torturatuak\/","name":"Apaizak ere torturatuak - Tienda Online de Intxorta 1937 Kultur Elkartea","isPartOf":{"@id":"http:\/\/www.intxorta.org\/tienda\/#website"},"primaryImageOfPage":{"@id":"http:\/\/www.intxorta.org\/tienda\/producto\/apaizak-ere-torturatuak\/#primaryimage"},"image":{"@id":"http:\/\/www.intxorta.org\/tienda\/producto\/apaizak-ere-torturatuak\/#primaryimage"},"thumbnailUrl":"http:\/\/www.intxorta.org\/tienda\/wp-content\/uploads\/2018\/01\/apaizak-re-torturatuak-azala-bi-scaled.jpg","datePublished":"2017-10-02T09:24:29+00:00","dateModified":"2021-10-04T16:25:33+00:00","breadcrumb":{"@id":"http:\/\/www.intxorta.org\/tienda\/producto\/apaizak-ere-torturatuak\/#breadcrumb"},"inLanguage":"es","potentialAction":[{"@type":"ReadAction","target":["http:\/\/www.intxorta.org\/tienda\/producto\/apaizak-ere-torturatuak\/"]}]},{"@type":"ImageObject","inLanguage":"es","@id":"http:\/\/www.intxorta.org\/tienda\/producto\/apaizak-ere-torturatuak\/#primaryimage","url":"http:\/\/www.intxorta.org\/tienda\/wp-content\/uploads\/2018\/01\/apaizak-re-torturatuak-azala-bi-scaled.jpg","contentUrl":"http:\/\/www.intxorta.org\/tienda\/wp-content\/uploads\/2018\/01\/apaizak-re-torturatuak-azala-bi-scaled.jpg","width":1757,"height":2560},{"@type":"BreadcrumbList","@id":"http:\/\/www.intxorta.org\/tienda\/producto\/apaizak-ere-torturatuak\/#breadcrumb","itemListElement":[{"@type":"ListItem","position":1,"name":"Portada","item":"http:\/\/www.intxorta.org\/tienda\/"},{"@type":"ListItem","position":2,"name":"Tienda Intxorta","item":"http:\/\/www.intxorta.org\/tienda\/tienda-intxorta\/"},{"@type":"ListItem","position":3,"name":"Apaizak ere torturatuak"}]},{"@type":"WebSite","@id":"http:\/\/www.intxorta.org\/tienda\/#website","url":"http:\/\/www.intxorta.org\/tienda\/","name":"Tienda Online de Intxorta 1937 Kultur Elkartea","description":"Por la recuperaci&oacute;n de la memoria hist&oacute;rica","potentialAction":[{"@type":"SearchAction","target":{"@type":"EntryPoint","urlTemplate":"http:\/\/www.intxorta.org\/tienda\/?s={search_term_string}"},"query-input":{"@type":"PropertyValueSpecification","valueRequired":true,"valueName":"search_term_string"}}],"inLanguage":"es"}]}},"_links":{"self":[{"href":"http:\/\/www.intxorta.org\/tienda\/wp-json\/wp\/v2\/product\/501","targetHints":{"allow":["GET"]}}],"collection":[{"href":"http:\/\/www.intxorta.org\/tienda\/wp-json\/wp\/v2\/product"}],"about":[{"href":"http:\/\/www.intxorta.org\/tienda\/wp-json\/wp\/v2\/types\/product"}],"replies":[{"embeddable":true,"href":"http:\/\/www.intxorta.org\/tienda\/wp-json\/wp\/v2\/comments?post=501"}],"wp:featuredmedia":[{"embeddable":true,"href":"http:\/\/www.intxorta.org\/tienda\/wp-json\/wp\/v2\/media\/502"}],"wp:attachment":[{"href":"http:\/\/www.intxorta.org\/tienda\/wp-json\/wp\/v2\/media?parent=501"}],"wp:term":[{"taxonomy":"product_brand","embeddable":true,"href":"http:\/\/www.intxorta.org\/tienda\/wp-json\/wp\/v2\/product_brand?post=501"},{"taxonomy":"product_cat","embeddable":true,"href":"http:\/\/www.intxorta.org\/tienda\/wp-json\/wp\/v2\/product_cat?post=501"},{"taxonomy":"product_tag","embeddable":true,"href":"http:\/\/www.intxorta.org\/tienda\/wp-json\/wp\/v2\/product_tag?post=501"}],"curies":[{"name":"wp","href":"https:\/\/api.w.org\/{rel}","templated":true}]}}