{"id":358,"date":"2014-03-23T19:54:42","date_gmt":"2014-03-23T18:54:42","guid":{"rendered":"http:\/\/www.intxorta.org\/tienda\/producto\/historia-critica-e-book\/"},"modified":"2017-06-07T12:52:04","modified_gmt":"2017-06-07T10:52:04","slug":"historia-critica-e-book","status":"publish","type":"product","link":"http:\/\/www.intxorta.org\/tienda\/producto\/historia-critica-e-book\/","title":{"rendered":"<!--:es-->Historia cr\u00edtica de la guerra en Euskadi 1936-37-eBOOK<!--:--><!--:EU--> 1936-37 Euskadiko gerraren historia kritikoa-eBOOK<!--:-->"},"content":{"rendered":"<p><!--:es--><\/p>\n<p style=\"padding-left: 30px;\"><span style=\"font-family: arial,helvetica,sans-serif;\">Autor: Pablo Beldarrajn Olalde<\/span><br \/>\n<span style=\"font-family: arial,helvetica,sans-serif;\"> Editor: Intxorta 1937 Kultur Ekartea<\/span><br \/>\n<span style=\"font-family: arial,helvetica,sans-serif;\"> Coordinaci\u00f3n: Jon Etxezarraga, Juan Ramon Garai, Mikel Murgizu.<\/span><br \/>\n<span style=\"font-family: arial,helvetica,sans-serif;\"> Traducci\u00f3n al euskera: Iraitz Lazkano<\/span><br \/>\n<span style=\"font-family: arial,helvetica,sans-serif;\"> Portada: Josuren Murgizu<\/span><br \/>\n<span style=\"font-family: arial,helvetica,sans-serif;\"> Primera edici\u00f3n: O\u00f1ati, Abril 2012<\/span><br \/>\n<span style=\"font-family: arial,helvetica,sans-serif;\"> Maquetaci\u00f3n e impresi\u00f3n: Gertu, O\u00f1ati<\/span><br \/>\n<span style=\"font-family: arial,helvetica,sans-serif;\"> I.S.B.N.: 978-84-938850-4-5<\/span><br \/>\n<span style=\"font-family: arial,helvetica,sans-serif;\"> Dep\u00f3sito legal: SS-618-2012<\/span><\/p>\n<p><!--:--><!--:EU--><\/p>\n<p style=\"padding-left: 30px;\">\n<div id=\"divTraducir\" style=\"padding-left: 30px;\"><span style=\"font-family: arial,helvetica,sans-serif;\">Egilea: Pablo Beldarrajn Olalde<\/span><br \/>\n<span style=\"font-family: arial,helvetica,sans-serif;\">Argitaratzailea: Intxorta 1937 Kultur Ekartea<\/span><br \/>\n<span style=\"font-family: arial,helvetica,sans-serif;\">Koordinazioa: Jon Etxezarraga, Juan Ramon Garai, Mikel Murgizu.<\/span><br \/>\n<span style=\"font-family: arial,helvetica,sans-serif;\">Euskararen itzulpena: Iraitz Lazkano<\/span><br \/>\n<span style=\"font-family: arial,helvetica,sans-serif;\">Portada: Josuren Murgizu<\/span><br \/>\n<span style=\"font-family: arial,helvetica,sans-serif;\">Lehen edizioa: O\u00f1ati, 2012, Apirila<\/span><br \/>\n<span style=\"font-family: arial,helvetica,sans-serif;\">Maquetaci\u00f3n-a eta inprimatzea: Gertu, O\u00f1ati<\/span><br \/>\n<span style=\"font-family: arial,helvetica,sans-serif;\">I.S.B.N.: 978-84-938850-4-5<\/span><br \/>\n<span style=\"font-family: arial,helvetica,sans-serif;\">Legezko gordailua: SS-618-2012a<\/span><\/div>\n<p style=\"padding-left: 30px;\"><span style=\"font-family: arial,helvetica,sans-serif;\">\u00a0<\/span><\/p>\n<p><!--:--><\/p>\n","protected":false},"excerpt":{"rendered":"<p><strong>NO DISPONIBLE EN EBOOK.<\/strong><\/p>\n<p><!--:es--><\/p>\n<p style=\"text-align: justify;\">Esta Historia cr\u00edtica de la guerra en Euskadi, escrita por Pablo Beldarraim- Comandante de Gudaris, es un relato de primera mano que nos ofrece con encomiable \u00a0objetividad, una idea detallada sobre las condiciones, medios, moral&#8230; y fuerzas con las que lucharon los batallones vascos.<\/p>\n<p style=\"text-align: justify;\">Todos ellos tenian en com\u00fan el haber resistido en gran inferioridad de condi- einnea, y haber frenado la ofensiva de golpistas y lanchas: Militares, requet\u00e9s, falangatas y sus aliadoa alemanes, italianos y moros dirigidos por Mola. escribiendo \u201clealtad\u201d con su propia sangre en Arrate, Kalamua, Legutiano, Nafarrate, Albertia, Jainto, Gorbea, Kanpazar, Aaensiomendi. Murmnendi, Motxotegi, Tantaibakar. Gurutxeta. Otxandiano, Durango, Arangio, Ordu\u00f1a, Seibigain, Barazar, lntzorta. Azkonabieta, Elgeta, Eibar, Kar- raakaln, Santamarinazar, Marmiz&#8230;<!--:--> <!--:EU--><\/p>\n<p style=\"text-align: justify;\">Euskadin gerraren Historia kritiko hau, Pablo Beldarraim- Comandante de Gudaris-ek idatzita ko, da objektibotasun goresgarriarekin, baldintzen gainean, baliabideen, zehaztutako ideia moralarekin, eskaintzen digun lehen eskuko kontaketa &#8230; eta euskal batailoiek borroka egin zuten indarrak.<\/p>\n<p style=\"text-align: justify;\">Haiek guztiak tenian-a komunean einnea condi&#8211;etako gutxiagotasun handian eustea, eta kolpista-erasoa eta txalupak geldiaraztea: Militarrak, requet\u00e9s-ak, falangatas-ak eta bere aliadoa alemaniarrak, italiarrak, eta Mola-k zuzendutako mairuak. \u00ableialtasuna\u00bb Arrate-n, Kalamua-n, Legutiano-n, Nafarrate-n, Albertia-n, Jainto-n, Gorbea-n, Kanpazar-en bere odolarekin, Aaensiomendi-rekin, idatziz. Murmnendi, Motxotegi, Tantaibakar. Gurutxeta. Otxandiano, Durango, Arangio, Ordu\u00f1a, Seibigain, Barazar, lntzorta. Azkonabieta, Elgeta, Eibar, raakaln-a Kar-, Santamarinazar, Marmiz &#8230;<!--:--><\/p>\n","protected":false},"featured_media":161,"comment_status":"closed","ping_status":"closed","template":"","meta":{"_et_pb_use_builder":"","_et_pb_old_content":"","_et_gb_content_width":"","_monsterinsights_skip_tracking":false,"_monsterinsights_sitenote_active":false,"_monsterinsights_sitenote_note":"","_monsterinsights_sitenote_category":0},"product_brand":[],"product_cat":[35],"product_tag":[],"class_list":{"0":"post-358","1":"product","2":"type-product","3":"status-publish","4":"has-post-thumbnail","6":"product_cat-sin-categorizar","8":"first","9":"outofstock","10":"downloadable","11":"virtual","12":"purchasable","13":"product-type-simple"},"yoast_head":"<!-- This site is optimized with the Yoast SEO plugin v27.1.1 - https:\/\/yoast.com\/product\/yoast-seo-wordpress\/ -->\n<title>Historia cr\u00edtica de la guerra en Euskadi 1936-37-eBOOK 1936-37 Euskadiko gerraren historia kritikoa-eBOOK - Tienda Online de Intxorta 1937 Kultur Elkartea<\/title>\n<meta name=\"robots\" content=\"index, follow, max-snippet:-1, max-image-preview:large, max-video-preview:-1\" \/>\n<link rel=\"canonical\" href=\"http:\/\/www.intxorta.org\/tienda\/producto\/historia-critica-e-book\/\" \/>\n<meta property=\"og:locale\" content=\"es_ES\" \/>\n<meta property=\"og:type\" content=\"article\" \/>\n<meta property=\"og:title\" content=\"Historia cr\u00edtica de la guerra en Euskadi 1936-37-eBOOK 1936-37 Euskadiko gerraren historia kritikoa-eBOOK - Tienda Online de Intxorta 1937 Kultur Elkartea\" \/>\n<meta property=\"og:description\" content=\"NO DISPONIBLE EN EBOOK.  Esta Historia cr\u00edtica de la guerra en Euskadi, escrita por Pablo Beldarraim- Comandante de Gudaris, es un relato de primera mano que nos ofrece con encomiable \u00a0objetividad, una idea detallada sobre las condiciones, medios, moral... y fuerzas con las que lucharon los batallones vascos. Todos ellos tenian en com\u00fan el haber resistido en gran inferioridad de condi- einnea, y haber frenado la ofensiva de golpistas y lanchas: Militares, requet\u00e9s, falangatas y sus aliadoa alemanes, italianos y moros dirigidos por Mola. escribiendo \u201clealtad\u201d con su propia sangre en Arrate, Kalamua, Legutiano, Nafarrate, Albertia, Jainto, Gorbea, Kanpazar, Aaensiomendi. Murmnendi, Motxotegi, Tantaibakar. Gurutxeta. Otxandiano, Durango, Arangio, Ordu\u00f1a, Seibigain, Barazar, lntzorta. Azkonabieta, Elgeta, Eibar, Kar- raakaln, Santamarinazar, Marmiz...  Euskadin gerraren Historia kritiko hau, Pablo Beldarraim- Comandante de Gudaris-ek idatzita ko, da objektibotasun goresgarriarekin, baldintzen gainean, baliabideen, zehaztutako ideia moralarekin, eskaintzen digun lehen eskuko kontaketa ... eta euskal batailoiek borroka egin zuten indarrak. Haiek guztiak tenian-a komunean einnea condi--etako gutxiagotasun handian eustea, eta kolpista-erasoa eta txalupak geldiaraztea: Militarrak, requet\u00e9s-ak, falangatas-ak eta bere aliadoa alemaniarrak, italiarrak, eta Mola-k zuzendutako mairuak. &quot;leialtasuna&quot; Arrate-n, Kalamua-n, Legutiano-n, Nafarrate-n, Albertia-n, Jainto-n, Gorbea-n, Kanpazar-en bere odolarekin, Aaensiomendi-rekin, idatziz. Murmnendi, Motxotegi, Tantaibakar. Gurutxeta. Otxandiano, Durango, Arangio, Ordu\u00f1a, Seibigain, Barazar, lntzorta. Azkonabieta, Elgeta, Eibar, raakaln-a Kar-, Santamarinazar, Marmiz ...\" \/>\n<meta property=\"og:url\" content=\"http:\/\/www.intxorta.org\/tienda\/producto\/historia-critica-e-book\/\" \/>\n<meta property=\"og:site_name\" content=\"Tienda Online de Intxorta 1937 Kultur Elkartea\" \/>\n<meta property=\"article:modified_time\" content=\"2017-06-07T10:52:04+00:00\" \/>\n<meta property=\"og:image\" content=\"http:\/\/www.intxorta.org\/tienda\/wp-content\/uploads\/2013\/04\/P1011440todo.jpg\" \/>\n\t<meta property=\"og:image:width\" content=\"252\" \/>\n\t<meta property=\"og:image:height\" content=\"400\" \/>\n\t<meta property=\"og:image:type\" content=\"image\/jpeg\" \/>\n<meta name=\"twitter:card\" content=\"summary_large_image\" \/>\n<meta name=\"twitter:label1\" content=\"Tiempo de lectura\" \/>\n\t<meta name=\"twitter:data1\" content=\"1 minuto\" \/>\n<script type=\"application\/ld+json\" class=\"yoast-schema-graph\">{\"@context\":\"https:\/\/schema.org\",\"@graph\":[{\"@type\":\"WebPage\",\"@id\":\"http:\/\/www.intxorta.org\/tienda\/producto\/historia-critica-e-book\/\",\"url\":\"http:\/\/www.intxorta.org\/tienda\/producto\/historia-critica-e-book\/\",\"name\":\"Historia cr\u00edtica de la guerra en Euskadi 1936-37-eBOOK 1936-37 Euskadiko gerraren historia kritikoa-eBOOK - Tienda Online de Intxorta 1937 Kultur Elkartea\",\"isPartOf\":{\"@id\":\"http:\/\/www.intxorta.org\/tienda\/#website\"},\"primaryImageOfPage\":{\"@id\":\"http:\/\/www.intxorta.org\/tienda\/producto\/historia-critica-e-book\/#primaryimage\"},\"image\":{\"@id\":\"http:\/\/www.intxorta.org\/tienda\/producto\/historia-critica-e-book\/#primaryimage\"},\"thumbnailUrl\":\"http:\/\/www.intxorta.org\/tienda\/wp-content\/uploads\/2013\/04\/P1011440todo.jpg\",\"datePublished\":\"2014-03-23T18:54:42+00:00\",\"dateModified\":\"2017-06-07T10:52:04+00:00\",\"breadcrumb\":{\"@id\":\"http:\/\/www.intxorta.org\/tienda\/producto\/historia-critica-e-book\/#breadcrumb\"},\"inLanguage\":\"es\",\"potentialAction\":[{\"@type\":\"ReadAction\",\"target\":[\"http:\/\/www.intxorta.org\/tienda\/producto\/historia-critica-e-book\/\"]}]},{\"@type\":\"ImageObject\",\"inLanguage\":\"es\",\"@id\":\"http:\/\/www.intxorta.org\/tienda\/producto\/historia-critica-e-book\/#primaryimage\",\"url\":\"http:\/\/www.intxorta.org\/tienda\/wp-content\/uploads\/2013\/04\/P1011440todo.jpg\",\"contentUrl\":\"http:\/\/www.intxorta.org\/tienda\/wp-content\/uploads\/2013\/04\/P1011440todo.jpg\",\"width\":252,\"height\":400},{\"@type\":\"BreadcrumbList\",\"@id\":\"http:\/\/www.intxorta.org\/tienda\/producto\/historia-critica-e-book\/#breadcrumb\",\"itemListElement\":[{\"@type\":\"ListItem\",\"position\":1,\"name\":\"Portada\",\"item\":\"http:\/\/www.intxorta.org\/tienda\/\"},{\"@type\":\"ListItem\",\"position\":2,\"name\":\"Tienda Intxorta\",\"item\":\"http:\/\/www.intxorta.org\/tienda\/tienda-intxorta\/\"},{\"@type\":\"ListItem\",\"position\":3,\"name\":\"Historia cr\u00edtica de la guerra en Euskadi 1936-37-eBOOK 1936-37 Euskadiko gerraren historia kritikoa-eBOOK\"}]},{\"@type\":\"WebSite\",\"@id\":\"http:\/\/www.intxorta.org\/tienda\/#website\",\"url\":\"http:\/\/www.intxorta.org\/tienda\/\",\"name\":\"Tienda Online de Intxorta 1937 Kultur Elkartea\",\"description\":\"Por la recuperaci&oacute;n de la memoria hist&oacute;rica\",\"potentialAction\":[{\"@type\":\"SearchAction\",\"target\":{\"@type\":\"EntryPoint\",\"urlTemplate\":\"http:\/\/www.intxorta.org\/tienda\/?s={search_term_string}\"},\"query-input\":{\"@type\":\"PropertyValueSpecification\",\"valueRequired\":true,\"valueName\":\"search_term_string\"}}],\"inLanguage\":\"es\"}]}<\/script>\n<!-- \/ Yoast SEO plugin. -->","yoast_head_json":{"title":"Historia cr\u00edtica de la guerra en Euskadi 1936-37-eBOOK 1936-37 Euskadiko gerraren historia kritikoa-eBOOK - Tienda Online de Intxorta 1937 Kultur Elkartea","robots":{"index":"index","follow":"follow","max-snippet":"max-snippet:-1","max-image-preview":"max-image-preview:large","max-video-preview":"max-video-preview:-1"},"canonical":"http:\/\/www.intxorta.org\/tienda\/producto\/historia-critica-e-book\/","og_locale":"es_ES","og_type":"article","og_title":"Historia cr\u00edtica de la guerra en Euskadi 1936-37-eBOOK 1936-37 Euskadiko gerraren historia kritikoa-eBOOK - Tienda Online de Intxorta 1937 Kultur Elkartea","og_description":"NO DISPONIBLE EN EBOOK.  Esta Historia cr\u00edtica de la guerra en Euskadi, escrita por Pablo Beldarraim- Comandante de Gudaris, es un relato de primera mano que nos ofrece con encomiable \u00a0objetividad, una idea detallada sobre las condiciones, medios, moral... y fuerzas con las que lucharon los batallones vascos. Todos ellos tenian en com\u00fan el haber resistido en gran inferioridad de condi- einnea, y haber frenado la ofensiva de golpistas y lanchas: Militares, requet\u00e9s, falangatas y sus aliadoa alemanes, italianos y moros dirigidos por Mola. escribiendo \u201clealtad\u201d con su propia sangre en Arrate, Kalamua, Legutiano, Nafarrate, Albertia, Jainto, Gorbea, Kanpazar, Aaensiomendi. Murmnendi, Motxotegi, Tantaibakar. Gurutxeta. Otxandiano, Durango, Arangio, Ordu\u00f1a, Seibigain, Barazar, lntzorta. Azkonabieta, Elgeta, Eibar, Kar- raakaln, Santamarinazar, Marmiz...  Euskadin gerraren Historia kritiko hau, Pablo Beldarraim- Comandante de Gudaris-ek idatzita ko, da objektibotasun goresgarriarekin, baldintzen gainean, baliabideen, zehaztutako ideia moralarekin, eskaintzen digun lehen eskuko kontaketa ... eta euskal batailoiek borroka egin zuten indarrak. Haiek guztiak tenian-a komunean einnea condi--etako gutxiagotasun handian eustea, eta kolpista-erasoa eta txalupak geldiaraztea: Militarrak, requet\u00e9s-ak, falangatas-ak eta bere aliadoa alemaniarrak, italiarrak, eta Mola-k zuzendutako mairuak. \"leialtasuna\" Arrate-n, Kalamua-n, Legutiano-n, Nafarrate-n, Albertia-n, Jainto-n, Gorbea-n, Kanpazar-en bere odolarekin, Aaensiomendi-rekin, idatziz. Murmnendi, Motxotegi, Tantaibakar. Gurutxeta. Otxandiano, Durango, Arangio, Ordu\u00f1a, Seibigain, Barazar, lntzorta. Azkonabieta, Elgeta, Eibar, raakaln-a Kar-, Santamarinazar, Marmiz ...","og_url":"http:\/\/www.intxorta.org\/tienda\/producto\/historia-critica-e-book\/","og_site_name":"Tienda Online de Intxorta 1937 Kultur Elkartea","article_modified_time":"2017-06-07T10:52:04+00:00","og_image":[{"width":252,"height":400,"url":"http:\/\/www.intxorta.org\/tienda\/wp-content\/uploads\/2013\/04\/P1011440todo.jpg","type":"image\/jpeg"}],"twitter_card":"summary_large_image","twitter_misc":{"Tiempo de lectura":"1 minuto"},"schema":{"@context":"https:\/\/schema.org","@graph":[{"@type":"WebPage","@id":"http:\/\/www.intxorta.org\/tienda\/producto\/historia-critica-e-book\/","url":"http:\/\/www.intxorta.org\/tienda\/producto\/historia-critica-e-book\/","name":"Historia cr\u00edtica de la guerra en Euskadi 1936-37-eBOOK 1936-37 Euskadiko gerraren historia kritikoa-eBOOK - Tienda Online de Intxorta 1937 Kultur Elkartea","isPartOf":{"@id":"http:\/\/www.intxorta.org\/tienda\/#website"},"primaryImageOfPage":{"@id":"http:\/\/www.intxorta.org\/tienda\/producto\/historia-critica-e-book\/#primaryimage"},"image":{"@id":"http:\/\/www.intxorta.org\/tienda\/producto\/historia-critica-e-book\/#primaryimage"},"thumbnailUrl":"http:\/\/www.intxorta.org\/tienda\/wp-content\/uploads\/2013\/04\/P1011440todo.jpg","datePublished":"2014-03-23T18:54:42+00:00","dateModified":"2017-06-07T10:52:04+00:00","breadcrumb":{"@id":"http:\/\/www.intxorta.org\/tienda\/producto\/historia-critica-e-book\/#breadcrumb"},"inLanguage":"es","potentialAction":[{"@type":"ReadAction","target":["http:\/\/www.intxorta.org\/tienda\/producto\/historia-critica-e-book\/"]}]},{"@type":"ImageObject","inLanguage":"es","@id":"http:\/\/www.intxorta.org\/tienda\/producto\/historia-critica-e-book\/#primaryimage","url":"http:\/\/www.intxorta.org\/tienda\/wp-content\/uploads\/2013\/04\/P1011440todo.jpg","contentUrl":"http:\/\/www.intxorta.org\/tienda\/wp-content\/uploads\/2013\/04\/P1011440todo.jpg","width":252,"height":400},{"@type":"BreadcrumbList","@id":"http:\/\/www.intxorta.org\/tienda\/producto\/historia-critica-e-book\/#breadcrumb","itemListElement":[{"@type":"ListItem","position":1,"name":"Portada","item":"http:\/\/www.intxorta.org\/tienda\/"},{"@type":"ListItem","position":2,"name":"Tienda Intxorta","item":"http:\/\/www.intxorta.org\/tienda\/tienda-intxorta\/"},{"@type":"ListItem","position":3,"name":"Historia cr\u00edtica de la guerra en Euskadi 1936-37-eBOOK 1936-37 Euskadiko gerraren historia kritikoa-eBOOK"}]},{"@type":"WebSite","@id":"http:\/\/www.intxorta.org\/tienda\/#website","url":"http:\/\/www.intxorta.org\/tienda\/","name":"Tienda Online de Intxorta 1937 Kultur Elkartea","description":"Por la recuperaci&oacute;n de la memoria hist&oacute;rica","potentialAction":[{"@type":"SearchAction","target":{"@type":"EntryPoint","urlTemplate":"http:\/\/www.intxorta.org\/tienda\/?s={search_term_string}"},"query-input":{"@type":"PropertyValueSpecification","valueRequired":true,"valueName":"search_term_string"}}],"inLanguage":"es"}]}},"_links":{"self":[{"href":"http:\/\/www.intxorta.org\/tienda\/wp-json\/wp\/v2\/product\/358","targetHints":{"allow":["GET"]}}],"collection":[{"href":"http:\/\/www.intxorta.org\/tienda\/wp-json\/wp\/v2\/product"}],"about":[{"href":"http:\/\/www.intxorta.org\/tienda\/wp-json\/wp\/v2\/types\/product"}],"replies":[{"embeddable":true,"href":"http:\/\/www.intxorta.org\/tienda\/wp-json\/wp\/v2\/comments?post=358"}],"wp:featuredmedia":[{"embeddable":true,"href":"http:\/\/www.intxorta.org\/tienda\/wp-json\/wp\/v2\/media\/161"}],"wp:attachment":[{"href":"http:\/\/www.intxorta.org\/tienda\/wp-json\/wp\/v2\/media?parent=358"}],"wp:term":[{"taxonomy":"product_brand","embeddable":true,"href":"http:\/\/www.intxorta.org\/tienda\/wp-json\/wp\/v2\/product_brand?post=358"},{"taxonomy":"product_cat","embeddable":true,"href":"http:\/\/www.intxorta.org\/tienda\/wp-json\/wp\/v2\/product_cat?post=358"},{"taxonomy":"product_tag","embeddable":true,"href":"http:\/\/www.intxorta.org\/tienda\/wp-json\/wp\/v2\/product_tag?post=358"}],"curies":[{"name":"wp","href":"https:\/\/api.w.org\/{rel}","templated":true}]}}